{"version":"1.0","provider_name":"CNR","provider_url":"https:\/\/cnr.org.br\/site","author_name":"Imprensa CNR","author_url":"https:\/\/cnr.org.br\/site\/author\/imprensa\/","title":"Nota de falecimento - Jos\u00e9 Eduardo Guimar\u00e3es Alves - CNR","type":"rich","width":600,"height":338,"html":"<blockquote class=\"wp-embedded-content\" data-secret=\"1TopJQHQ7w\"><a href=\"https:\/\/cnr.org.br\/site\/nota-de-falecimento-jose-eduardo-guimaraes-alves\/\">Nota de falecimento - Jos\u00e9 Eduardo Guimar\u00e3es Alves<\/a><\/blockquote><iframe sandbox=\"allow-scripts\" security=\"restricted\" src=\"https:\/\/cnr.org.br\/site\/nota-de-falecimento-jose-eduardo-guimaraes-alves\/embed\/#?secret=1TopJQHQ7w\" width=\"600\" height=\"338\" title=\"&#8220;Nota de falecimento - Jos\u00e9 Eduardo Guimar\u00e3es Alves&#8221; &#8212; CNR\" data-secret=\"1TopJQHQ7w\" frameborder=\"0\" marginwidth=\"0\" marginheight=\"0\" scrolling=\"no\" class=\"wp-embedded-content\"><\/iframe><script>\n\/*! This file is auto-generated *\/\n!function(d,l){\"use strict\";l.querySelector&&d.addEventListener&&\"undefined\"!=typeof URL&&(d.wp=d.wp||{},d.wp.receiveEmbedMessage||(d.wp.receiveEmbedMessage=function(e){var t=e.data;if((t||t.secret||t.message||t.value)&&!\/[^a-zA-Z0-9]\/.test(t.secret)){for(var s,r,n,a=l.querySelectorAll('iframe[data-secret=\"'+t.secret+'\"]'),o=l.querySelectorAll('blockquote[data-secret=\"'+t.secret+'\"]'),c=new RegExp(\"^https?:$\",\"i\"),i=0;i<o.length;i++)o[i].style.display=\"none\";for(i=0;i<a.length;i++)s=a[i],e.source===s.contentWindow&&(s.removeAttribute(\"style\"),\"height\"===t.message?(1e3<(r=parseInt(t.value,10))?r=1e3:~~r<200&&(r=200),s.height=r):\"link\"===t.message&&(r=new URL(s.getAttribute(\"src\")),n=new URL(t.value),c.test(n.protocol))&&n.host===r.host&&l.activeElement===s&&(d.top.location.href=t.value))}},d.addEventListener(\"message\",d.wp.receiveEmbedMessage,!1),l.addEventListener(\"DOMContentLoaded\",function(){for(var e,t,s=l.querySelectorAll(\"iframe.wp-embedded-content\"),r=0;r<s.length;r++)(t=(e=s[r]).getAttribute(\"data-secret\"))||(t=Math.random().toString(36).substring(2,12),e.src+=\"#?secret=\"+t,e.setAttribute(\"data-secret\",t)),e.contentWindow.postMessage({message:\"ready\",secret:t},\"*\")},!1)))}(window,document);\n\/\/# sourceURL=https:\/\/cnr.org.br\/site\/wp-includes\/js\/wp-embed.min.js\n<\/script>\n","thumbnail_url":"https:\/\/cnr.org.br\/novoportal\/wp-content\/uploads\/2020\/04\/luto-1.jpg","thumbnail_width":1920,"thumbnail_height":1442,"description":"Em nome da Diretoria da Confedera\u00e7\u00e3o Nacional de Not\u00e1rios e Registradores (CNR), prestamos nossa solidariedade neste momento de pesar devido ao falecimento de Jos\u00e9 Eduardo Guimar\u00e3es Alves,\u00a0Tabeli\u00e3o do 6\u00ba Of\u00edcio de Notas de Taguatinga desde 1991. Jos\u00e9 Eduardo Guimar\u00e3es Alves exerceu de forma exemplar os cargos de Vice-presidente da CNR e Febranor, e presidente do [&hellip;]"}