{"id":88780,"date":"2025-05-26T12:25:56","date_gmt":"2025-05-26T15:25:56","guid":{"rendered":"https:\/\/cnr.org.br\/novoportal\/?page_id=88780"},"modified":"2025-05-26T12:25:56","modified_gmt":"2025-05-26T15:25:56","slug":"noticias","status":"publish","type":"page","link":"https:\/\/cnr.org.br\/site\/noticias\/","title":{"rendered":"Not\u00edcias"},"content":{"rendered":"<div id=\"dslc-theme-content\"><div id=\"dslc-theme-content-inner\"><div id=\"dslc-main\">\n<div  class=\"dslc-modules-section \" style=\"padding-bottom:15px;padding-top:15px;background-color:#eef3f9;background-repeat:no-repeat;background-position:center center;background-size:cover;\" data-section-id=\"eb8a5a04cc2\">\n<div class=\"dslc-modules-section-wrapper dslc-clearfix\">\n<style type=\"text\/css\" id=\"dslca-modules-area-\"><\/style>\n<div  class=\"dslc-modules-area dslc-col dslc-12-col dslc-last-col dslc-valign- \" data-size=\"12\" data-valign=\"\" data-modules-area-id=\"\" >\n<div id=\"dslc-module-3da55add624\" class=\"dslc-module-front dslc-module-DSLC_Separator dslc-in-viewport-check dslc-in-viewport-anim-none  dslc-col dslc-12-col dslc-last-col  dslc-module-handle-like-regular \" data-module-id=\"3da55add624\" data-module=\"DSLC_Separator\" data-dslc-module-size=\"12\" data-dslc-anim=\"none\" data-dslc-anim-delay=\"0\" data-dslc-anim-duration=\"650\"  data-dslc-anim-easing=\"ease\" data-dslc-preset=\"none\" >\n<div class=\"dslc-separator-wrapper\">\n<div class=\"dslc-separator dslc-separator-style-invisible\">\n\t\t\t\t\t\t\t\t\t<\/div>\n<div><\/div>\n<\/p><\/div>\n<p><!-- .dslc-separator-wrapper --><\/p><\/div>\n<p><!-- .dslc-module --><\/p>\n<div id=\"dslc-module-8fab0396652\" class=\"dslc-module-front dslc-module-DSLC_Text_Simple dslc-in-viewport-check dslc-in-viewport-anim-none  dslc-col dslc-12-col dslc-last-col  dslc-module-handle-like-regular \" data-module-id=\"8fab0396652\" data-module=\"DSLC_Text_Simple\" data-dslc-module-size=\"12\" data-dslc-anim=\"none\" data-dslc-anim-delay=\"0\" data-dslc-anim-duration=\"650\"  data-dslc-anim-easing=\"ease\" data-dslc-preset=\"none\" >\n<div class=\"dslc-text-module-content\">\n<p><span style=\"color: #000000;\">NOT\u00cdCIAS<\/span> - CNR<\/p>\n<\/p><\/div>\n<\/p><\/div>\n<p><!-- .dslc-module -->\n\t\t<\/div>\n<\/div>\n<\/div>\n<div  class=\"dslc-modules-section \" style=\"padding-bottom:75px;padding-top:75px;\" data-section-id=\"f6303e50dba\">\n<div class=\"dslc-modules-section-wrapper dslc-clearfix\">\n<style type=\"text\/css\" id=\"dslca-modules-area-\"><\/style>\n<div  class=\"dslc-modules-area dslc-col dslc-12-col dslc-last-col dslc-valign- \" data-size=\"12\" data-valign=\"\" data-modules-area-id=\"\" >\n<div id=\"dslc-module-21ee94a1a79\" class=\"dslc-module-front dslc-module-DSLC_Blog dslc-in-viewport-check dslc-in-viewport-anim-none  dslc-col dslc-12-col dslc-last-col  dslc-module-handle-like-regular \" data-module-id=\"21ee94a1a79\" data-module=\"DSLC_Blog\" data-dslc-module-size=\"12\" data-dslc-anim=\"none\" data-dslc-anim-delay=\"0\" data-dslc-anim-duration=\"650\"  data-dslc-anim-easing=\"ease\" data-dslc-preset=\"none\" >\n<div class=\"dslc-posts dslc-blog-posts dslc-clearfix dslc-blog-posts-type-grid dslc-posts-orientation-horizontal dslc-init-grid \">\r\n\t\t\t\r\n\t\t\t\r\n\t\t<div class=\"dslc-posts-inner\">\r\n\t<div class=\"dslc-post dslc-blog-post dslc-col dslc-12-col  dslc-last-col dslc-post-format-standard\" data-cats=\"concart-2022 concart-2022-concart-2022-home-2 concart-2022-home concart-2022-home-2 home noticia ultimas-noticias \">\r\n\r\n\t\r\n\t\t\t\t\t\t\t\t\r\n\t\t\t\t\t\t\t\t\t<div class=\"dslc-blog-post-thumb dslc-post-thumb dslc-on-hover-anim\">\r\n\r\n\t\t\t\t\t\t\t\t\t\t\r\n\t\t\t\t\t\t\t\t\t\t\t<div class=\"dslc-blog-post-thumb-inner dslca-post-thumb\">\r\n\t\t\t\t\t\t\t\t\t\t\t\t\r\n\t\t\t\t\t\t\t\t\t\t\t\t\t\t\t\t\t\t\t\t\t\t\t\t\t<a href=\"https:\/\/cnr.org.br\/site\/concart-2022-homenageara-os-vencedores-do-premio-sindicatos-de-destaque\/\" class=\"\"><img loading=\"lazy\" decoding=\"async\" width=\"1940\" height=\"1240\" src=\"https:\/\/cnr.org.br\/site\/wp-content\/uploads\/2022\/08\/Tamanho-Oficial-para-as-fotos-do-Site-da-CNR-2-1.png\" class=\"attachment-full size-full wp-post-image\" alt=\"\" title=\"Tamanho Oficial para as fotos do Site da CNR (2)\" srcset=\"https:\/\/cnr.org.br\/site\/wp-content\/uploads\/2022\/08\/Tamanho-Oficial-para-as-fotos-do-Site-da-CNR-2-1.png 1940w, https:\/\/cnr.org.br\/site\/wp-content\/uploads\/2022\/08\/Tamanho-Oficial-para-as-fotos-do-Site-da-CNR-2-1-300x192.png 300w, https:\/\/cnr.org.br\/site\/wp-content\/uploads\/2022\/08\/Tamanho-Oficial-para-as-fotos-do-Site-da-CNR-2-1-1024x655.png 1024w, https:\/\/cnr.org.br\/site\/wp-content\/uploads\/2022\/08\/Tamanho-Oficial-para-as-fotos-do-Site-da-CNR-2-1-768x491.png 768w, https:\/\/cnr.org.br\/site\/wp-content\/uploads\/2022\/08\/Tamanho-Oficial-para-as-fotos-do-Site-da-CNR-2-1-1536x982.png 1536w\" sizes=\"auto, (max-width: 1940px) 100vw, 1940px\" \/><\/a>\r\n\t\t\t\t\t\t\t\t\t\t\t\t\t\t\t\t\t\t\t\t\t\t\t<\/div><!-- .dslc-blog-post-thumb-inner -->\r\n\r\n\t\t\t\t\t\t\t\t\t\t\r\n\t\t\t\t\t\t\t\t\t\t\r\n\t\t\t\t\t\t\t\t\t<\/div><!-- .dslc-blog-post-thumb -->\r\n\r\n\t\t\t\t\t\t\t\t\r\n\t\t\t\t\t\t\t\r\n\t\t\t\t\t\t\t\r\n\t\t\t\t\t\t\t\t<div class=\"dslc-post-main dslc-blog-post-main\">\r\n\r\n\t\t\t\t\t\t\t\t\t\r\n\t\t\t\t\t\t\t\t\t\r\n\t\t\t\t\t\t\t\t\t\t<div class=\"dslc-blog-post-title\">\r\n\t\t\t\t\t\t\t\t\t\t\t<h2><a href=\"https:\/\/cnr.org.br\/site\/concart-2022-homenageara-os-vencedores-do-premio-sindicatos-de-destaque\/\">Concart 2022 homenagear\u00e1 os vencedores do Pr\u00eamio Sindicatos de Destaque<\/a><\/h2>\r\n\t\t\t\t\t\t\t\t\t\t<\/div><!-- .dslc-blog-post-title -->\r\n\r\n\t\t\t\t\t\t\t\t\t\r\n\t\t\t\t\t\t\t\t\t\r\n\t\t\t\t\t\t\t\t\t\r\n\t\t\t\t\t\t\t\t\t\t<div class=\"dslc-blog-post-excerpt\">\r\n\t\t\t\t\t\t\t\t\t\t\t\t\t\t\t\t\t\t\t\t\t\t\tA solenidade, a se realizar no dia 2 de setembro, durante a cerim\u00f4nia de encerramento, tamb\u00e9m far\u00e1 men\u00e7\u00e3o honrosa aos participantes da premia\u00e7\u00e3o A cidade de Fortaleza (CE) sediar\u00e1, entre os dias 31 de agosto e 2 de setembro, um dos maiores eventos da classe notarial e registral do Brasil: a Confer\u00eancia Nacional dos Cart\u00f3rios (Concart 2022).&nbsp; O encontro, que tem como proposta estimular o debate sobre temas necess\u00e1rios ao desenvolvimento e fortalecimento da atividade,&hellip;\t\t\t\t\t\t\t\t\t\t\t\t\t\t\t\t\t\t\t\t\t<\/div><!-- .dslc-blog-post-excerpt -->\r\n\r\n\t\t\t\t\t\t\t\t\t\r\n\t\t\t\t\t\t\t\t\t\r\n\t\t\t\t\t\t\t\t\t\t<div class=\"dslc-blog-post-read-more\">\r\n\t\t\t\t\t\t\t\t\t\t\t<a href=\"https:\/\/cnr.org.br\/site\/concart-2022-homenageara-os-vencedores-do-premio-sindicatos-de-destaque\/\">\r\n\t\t\t\t\t\t\t\t\t\t\t\t\t\t\t\t\t\t\t\t\t\t\t\t\t<span class=\"dslc-icon dslc-icon-\"><\/span>\t\r\n\t\t\t\t\t\t\t\t\t\t\t\t\t\t\t\t\t\t\t\t\t\t\t\tLeia mais\t\t\t\t\t\t\t\t\t\t\t<\/a>\r\n\t\t\t\t\t\t\t\t\t\t<\/div><!-- .dslc-blog-post-read-more -->\r\n\r\n\t\t\t\t\t\t\t\t\t\r\n\t\t\t\t\t\t\t\t<\/div><!-- .blog-post-main -->\r\n\r\n\t\t\t\t\t\t\t\t\r\n\t\t\t\t\t\t\t\t\r\n\t\t\t\t\t\t\t\r\n\t\t\t\t\t\t<\/div><!-- .dslc-blog-post -->\r\n\r\n\t\t\t\t\t\t\r\n\t\t\t\t\t\t<div class=\"dslc-post-separator\"><\/div>\r\n\t<div class=\"dslc-post dslc-blog-post dslc-col dslc-12-col  dslc-last-col dslc-post-format-standard\" data-cats=\"home noticia ultimas-noticias \">\r\n\r\n\t\r\n\t\t\t\t\t\t\t\t\r\n\t\t\t\t\t\t\t\t\t<div class=\"dslc-blog-post-thumb dslc-post-thumb dslc-on-hover-anim\">\r\n\r\n\t\t\t\t\t\t\t\t\t\t\r\n\t\t\t\t\t\t\t\t\t\t\t<div class=\"dslc-blog-post-thumb-inner dslca-post-thumb\">\r\n\t\t\t\t\t\t\t\t\t\t\t\t\r\n\t\t\t\t\t\t\t\t\t\t\t\t\t\t\t\t\t\t\t\t\t\t\t\t\t<a href=\"https:\/\/cnr.org.br\/site\/sinoreg-pe-e-ms-elegem-novos-presidentes-para-a-entidade\/\" class=\"\"><img loading=\"lazy\" decoding=\"async\" width=\"1920\" height=\"1080\" src=\"https:\/\/cnr.org.br\/site\/wp-content\/uploads\/2021\/04\/Design-sem-nome-3.png\" class=\"attachment-full size-full wp-post-image\" alt=\"\" title=\"Design sem nome (3)\" srcset=\"https:\/\/cnr.org.br\/site\/wp-content\/uploads\/2021\/04\/Design-sem-nome-3.png 1920w, https:\/\/cnr.org.br\/site\/wp-content\/uploads\/2021\/04\/Design-sem-nome-3-300x169.png 300w, https:\/\/cnr.org.br\/site\/wp-content\/uploads\/2021\/04\/Design-sem-nome-3-1024x576.png 1024w, https:\/\/cnr.org.br\/site\/wp-content\/uploads\/2021\/04\/Design-sem-nome-3-768x432.png 768w, https:\/\/cnr.org.br\/site\/wp-content\/uploads\/2021\/04\/Design-sem-nome-3-1536x864.png 1536w, https:\/\/cnr.org.br\/site\/wp-content\/uploads\/2021\/04\/Design-sem-nome-3-870x489.png 870w, https:\/\/cnr.org.br\/site\/wp-content\/uploads\/2021\/04\/Design-sem-nome-3-895x503.png 895w\" sizes=\"auto, (max-width: 1920px) 100vw, 1920px\" \/><\/a>\r\n\t\t\t\t\t\t\t\t\t\t\t\t\t\t\t\t\t\t\t\t\t\t\t<\/div><!-- .dslc-blog-post-thumb-inner -->\r\n\r\n\t\t\t\t\t\t\t\t\t\t\r\n\t\t\t\t\t\t\t\t\t\t\r\n\t\t\t\t\t\t\t\t\t<\/div><!-- .dslc-blog-post-thumb -->\r\n\r\n\t\t\t\t\t\t\t\t\r\n\t\t\t\t\t\t\t\r\n\t\t\t\t\t\t\t\r\n\t\t\t\t\t\t\t\t<div class=\"dslc-post-main dslc-blog-post-main\">\r\n\r\n\t\t\t\t\t\t\t\t\t\r\n\t\t\t\t\t\t\t\t\t\r\n\t\t\t\t\t\t\t\t\t\t<div class=\"dslc-blog-post-title\">\r\n\t\t\t\t\t\t\t\t\t\t\t<h2><a href=\"https:\/\/cnr.org.br\/site\/sinoreg-pe-e-ms-elegem-novos-presidentes-para-a-entidade\/\">Sinoreg PE e MS elegem novos presidentes para a entidade<\/a><\/h2>\r\n\t\t\t\t\t\t\t\t\t\t<\/div><!-- .dslc-blog-post-title -->\r\n\r\n\t\t\t\t\t\t\t\t\t\r\n\t\t\t\t\t\t\t\t\t\r\n\t\t\t\t\t\t\t\t\t\r\n\t\t\t\t\t\t\t\t\t\t<div class=\"dslc-blog-post-excerpt\">\r\n\t\t\t\t\t\t\t\t\t\t\t\t\t\t\t\t\t\t\t\t\t\t\tOs associados dos Sindicatos dos Not\u00e1rios e Registradores de Pernambuco (PE) e Mato Grosso do Sul (MS), elegeram nesta semana a mesa diretora da entidade para o Quadri\u00eanio 2021\/2025. Na ocasi\u00e3o, a Roseana Andrade Porto e o Marcus Vin\u00edcius Machado Roza foram escolhidos para serem os novos presidentes do Sinoreg (PE) e Sinoreg (MS), respectivamente.\u00a0 Al\u00e9m dos novos presidentes, foram escolhidos tamb\u00e9m os representantes de todos os cargos que complementam a diretoria. Ao total para&hellip;\t\t\t\t\t\t\t\t\t\t\t\t\t\t\t\t\t\t\t\t\t<\/div><!-- .dslc-blog-post-excerpt -->\r\n\r\n\t\t\t\t\t\t\t\t\t\r\n\t\t\t\t\t\t\t\t\t\r\n\t\t\t\t\t\t\t\t\t\t<div class=\"dslc-blog-post-read-more\">\r\n\t\t\t\t\t\t\t\t\t\t\t<a href=\"https:\/\/cnr.org.br\/site\/sinoreg-pe-e-ms-elegem-novos-presidentes-para-a-entidade\/\">\r\n\t\t\t\t\t\t\t\t\t\t\t\t\t\t\t\t\t\t\t\t\t\t\t\t\t<span class=\"dslc-icon dslc-icon-\"><\/span>\t\r\n\t\t\t\t\t\t\t\t\t\t\t\t\t\t\t\t\t\t\t\t\t\t\t\tLeia mais\t\t\t\t\t\t\t\t\t\t\t<\/a>\r\n\t\t\t\t\t\t\t\t\t\t<\/div><!-- .dslc-blog-post-read-more -->\r\n\r\n\t\t\t\t\t\t\t\t\t\r\n\t\t\t\t\t\t\t\t<\/div><!-- .blog-post-main -->\r\n\r\n\t\t\t\t\t\t\t\t\r\n\t\t\t\t\t\t\t\t\r\n\t\t\t\t\t\t\t\r\n\t\t\t\t\t\t<\/div><!-- .dslc-blog-post -->\r\n\r\n\t\t\t\t\t\t\r\n\t\t\t\t\t\t<div class=\"dslc-post-separator\"><\/div>\r\n\t<div class=\"dslc-post dslc-blog-post dslc-col dslc-12-col  dslc-last-col dslc-post-format-standard\" data-cats=\"home noticia ultimas-noticias \">\r\n\r\n\t\r\n\t\t\t\t\t\t\t\t\r\n\t\t\t\t\t\t\t\t\t<div class=\"dslc-blog-post-thumb dslc-post-thumb dslc-on-hover-anim\">\r\n\r\n\t\t\t\t\t\t\t\t\t\t\r\n\t\t\t\t\t\t\t\t\t\t\t<div class=\"dslc-blog-post-thumb-inner dslca-post-thumb\">\r\n\t\t\t\t\t\t\t\t\t\t\t\t\r\n\t\t\t\t\t\t\t\t\t\t\t\t\t\t\t\t\t\t\t\t\t\t\t\t\t<a href=\"https:\/\/cnr.org.br\/site\/regime-previdenciario-para-notarios-e-registradores-entenda-como-funciona\/\" class=\"\"><img loading=\"lazy\" decoding=\"async\" width=\"1200\" height=\"627\" src=\"https:\/\/cnr.org.br\/site\/wp-content\/uploads\/2020\/02\/postlink.png\" class=\"attachment-full size-full wp-post-image\" alt=\"Agentes delegados podem ser aposentar\" title=\"postlink\" srcset=\"https:\/\/cnr.org.br\/site\/wp-content\/uploads\/2020\/02\/postlink.png 1200w, https:\/\/cnr.org.br\/site\/wp-content\/uploads\/2020\/02\/postlink-300x157.png 300w, https:\/\/cnr.org.br\/site\/wp-content\/uploads\/2020\/02\/postlink-768x401.png 768w, https:\/\/cnr.org.br\/site\/wp-content\/uploads\/2020\/02\/postlink-1024x535.png 1024w\" sizes=\"auto, (max-width: 1200px) 100vw, 1200px\" \/><\/a>\r\n\t\t\t\t\t\t\t\t\t\t\t\t\t\t\t\t\t\t\t\t\t\t\t<\/div><!-- .dslc-blog-post-thumb-inner -->\r\n\r\n\t\t\t\t\t\t\t\t\t\t\r\n\t\t\t\t\t\t\t\t\t\t\r\n\t\t\t\t\t\t\t\t\t<\/div><!-- .dslc-blog-post-thumb -->\r\n\r\n\t\t\t\t\t\t\t\t\r\n\t\t\t\t\t\t\t\r\n\t\t\t\t\t\t\t\r\n\t\t\t\t\t\t\t\t<div class=\"dslc-post-main dslc-blog-post-main\">\r\n\r\n\t\t\t\t\t\t\t\t\t\r\n\t\t\t\t\t\t\t\t\t\r\n\t\t\t\t\t\t\t\t\t\t<div class=\"dslc-blog-post-title\">\r\n\t\t\t\t\t\t\t\t\t\t\t<h2><a href=\"https:\/\/cnr.org.br\/site\/regime-previdenciario-para-notarios-e-registradores-entenda-como-funciona\/\">Regime previdenci\u00e1rio para not\u00e1rios e registradores: entenda como funciona<\/a><\/h2>\r\n\t\t\t\t\t\t\t\t\t\t<\/div><!-- .dslc-blog-post-title -->\r\n\r\n\t\t\t\t\t\t\t\t\t\r\n\t\t\t\t\t\t\t\t\t\r\n\t\t\t\t\t\t\t\t\t\r\n\t\t\t\t\t\t\t\t\t\t<div class=\"dslc-blog-post-excerpt\">\r\n\t\t\t\t\t\t\t\t\t\t\t\t\t\t\t\t\t\t\t\t\t\t\tPara ser um oficial de cart\u00f3rio \u00e9 necess\u00e1rio prestar concurso p\u00fablico. Por\u00e9m, esses profissionais atuam como Agentes Delegados, e, assim, n\u00e3o podem ser enquadrados como servidores p\u00fablicos. Afinal, os cart\u00f3rios s\u00e3o delega\u00e7\u00e3o do servi\u00e7o p\u00fablico, mas de iniciativa privada. Sendo assim, muitos possuem d\u00favidas sobre como funciona o regime previdenci\u00e1rio para not\u00e1rios e registradores. Entenda melhor a seguir:&nbsp; De acordo com o advogado especialista em Regime Pr\u00f3prio de Previd\u00eancia e dos agentes delegados, Vicente Paula&hellip;\t\t\t\t\t\t\t\t\t\t\t\t\t\t\t\t\t\t\t\t\t<\/div><!-- .dslc-blog-post-excerpt -->\r\n\r\n\t\t\t\t\t\t\t\t\t\r\n\t\t\t\t\t\t\t\t\t\r\n\t\t\t\t\t\t\t\t\t\t<div class=\"dslc-blog-post-read-more\">\r\n\t\t\t\t\t\t\t\t\t\t\t<a href=\"https:\/\/cnr.org.br\/site\/regime-previdenciario-para-notarios-e-registradores-entenda-como-funciona\/\">\r\n\t\t\t\t\t\t\t\t\t\t\t\t\t\t\t\t\t\t\t\t\t\t\t\t\t<span class=\"dslc-icon dslc-icon-\"><\/span>\t\r\n\t\t\t\t\t\t\t\t\t\t\t\t\t\t\t\t\t\t\t\t\t\t\t\tLeia mais\t\t\t\t\t\t\t\t\t\t\t<\/a>\r\n\t\t\t\t\t\t\t\t\t\t<\/div><!-- .dslc-blog-post-read-more -->\r\n\r\n\t\t\t\t\t\t\t\t\t\r\n\t\t\t\t\t\t\t\t<\/div><!-- .blog-post-main -->\r\n\r\n\t\t\t\t\t\t\t\t\r\n\t\t\t\t\t\t\t\t\r\n\t\t\t\t\t\t\t\r\n\t\t\t\t\t\t<\/div><!-- .dslc-blog-post -->\r\n\r\n\t\t\t\t\t\t\r\n\t\t\t\t\t\t<div class=\"dslc-post-separator\"><\/div>\r\n\t<div class=\"dslc-post dslc-blog-post dslc-col dslc-12-col  dslc-last-col dslc-post-format-standard\" data-cats=\"destaques home ultimas-noticias \">\r\n\r\n\t\r\n\t\t\t\t\t\t\t\t\r\n\t\t\t\t\t\t\t\t\t<div class=\"dslc-blog-post-thumb dslc-post-thumb dslc-on-hover-anim\">\r\n\r\n\t\t\t\t\t\t\t\t\t\t\r\n\t\t\t\t\t\t\t\t\t\t\t<div class=\"dslc-blog-post-thumb-inner dslca-post-thumb\">\r\n\t\t\t\t\t\t\t\t\t\t\t\t\r\n\t\t\t\t\t\t\t\t\t\t\t\t\t\t\t\t\t\t\t\t\t\t\t\t\t<a href=\"https:\/\/cnr.org.br\/site\/frente-parlamentar-da-justica-notarial-e-registral-e-destaque-em-assembleia-da-cnr\/\" class=\"\"><img loading=\"lazy\" decoding=\"async\" width=\"1280\" height=\"960\" src=\"https:\/\/cnr.org.br\/site\/wp-content\/uploads\/2019\/04\/Esta.jpeg\" class=\"attachment-full size-full wp-post-image\" alt=\"\" title=\"Esta\" srcset=\"https:\/\/cnr.org.br\/site\/wp-content\/uploads\/2019\/04\/Esta.jpeg 1280w, https:\/\/cnr.org.br\/site\/wp-content\/uploads\/2019\/04\/Esta-300x225.jpeg 300w, https:\/\/cnr.org.br\/site\/wp-content\/uploads\/2019\/04\/Esta-768x576.jpeg 768w, https:\/\/cnr.org.br\/site\/wp-content\/uploads\/2019\/04\/Esta-1024x768.jpeg 1024w\" sizes=\"auto, (max-width: 1280px) 100vw, 1280px\" \/><\/a>\r\n\t\t\t\t\t\t\t\t\t\t\t\t\t\t\t\t\t\t\t\t\t\t\t<\/div><!-- .dslc-blog-post-thumb-inner -->\r\n\r\n\t\t\t\t\t\t\t\t\t\t\r\n\t\t\t\t\t\t\t\t\t\t\r\n\t\t\t\t\t\t\t\t\t<\/div><!-- .dslc-blog-post-thumb -->\r\n\r\n\t\t\t\t\t\t\t\t\r\n\t\t\t\t\t\t\t\r\n\t\t\t\t\t\t\t\r\n\t\t\t\t\t\t\t\t<div class=\"dslc-post-main dslc-blog-post-main\">\r\n\r\n\t\t\t\t\t\t\t\t\t\r\n\t\t\t\t\t\t\t\t\t\r\n\t\t\t\t\t\t\t\t\t\t<div class=\"dslc-blog-post-title\">\r\n\t\t\t\t\t\t\t\t\t\t\t<h2><a href=\"https:\/\/cnr.org.br\/site\/frente-parlamentar-da-justica-notarial-e-registral-e-destaque-em-assembleia-da-cnr\/\">Frente Parlamentar da Justi\u00e7a Notarial e Registral \u00e9 destaque em Assembleia da CNR<\/a><\/h2>\r\n\t\t\t\t\t\t\t\t\t\t<\/div><!-- .dslc-blog-post-title -->\r\n\r\n\t\t\t\t\t\t\t\t\t\r\n\t\t\t\t\t\t\t\t\t\r\n\t\t\t\t\t\t\t\t\t\r\n\t\t\t\t\t\t\t\t\t\t<div class=\"dslc-blog-post-excerpt\">\r\n\t\t\t\t\t\t\t\t\t\t\t\t\t\t\t\t\t\t\t\t\t\t\tA Assembleia ocorreu nesta ter\u00e7a-feira (09\/04) e abordou a import\u00e2ncia da Frente para os servi\u00e7os Notariais e Registrais Foi realizada, nesta ter\u00e7a-feira (09\/04), a Assembleia Geral Extraordin\u00e1ria da Confedera\u00e7\u00e3o Nacional de Not\u00e1rios e Registradores (CNR). O encontro abordou a Frente Parlamentar da Justi\u00e7a Notarial e Registral, que \u00e9 Coordenada pelo Deputado Federal Rog\u00e9rio Peninha Mendon\u00e7a e ser\u00e1 lan\u00e7ada, hoje, \u00e0s 16h no Sal\u00e3o Nobre da C\u00e2mara dos Deputados. A Frente A instala\u00e7\u00e3o da Frente tem&hellip;\t\t\t\t\t\t\t\t\t\t\t\t\t\t\t\t\t\t\t\t\t<\/div><!-- .dslc-blog-post-excerpt -->\r\n\r\n\t\t\t\t\t\t\t\t\t\r\n\t\t\t\t\t\t\t\t\t\r\n\t\t\t\t\t\t\t\t\t\t<div class=\"dslc-blog-post-read-more\">\r\n\t\t\t\t\t\t\t\t\t\t\t<a href=\"https:\/\/cnr.org.br\/site\/frente-parlamentar-da-justica-notarial-e-registral-e-destaque-em-assembleia-da-cnr\/\">\r\n\t\t\t\t\t\t\t\t\t\t\t\t\t\t\t\t\t\t\t\t\t\t\t\t\t<span class=\"dslc-icon dslc-icon-\"><\/span>\t\r\n\t\t\t\t\t\t\t\t\t\t\t\t\t\t\t\t\t\t\t\t\t\t\t\tLeia mais\t\t\t\t\t\t\t\t\t\t\t<\/a>\r\n\t\t\t\t\t\t\t\t\t\t<\/div><!-- .dslc-blog-post-read-more -->\r\n\r\n\t\t\t\t\t\t\t\t\t\r\n\t\t\t\t\t\t\t\t<\/div><!-- .blog-post-main -->\r\n\r\n\t\t\t\t\t\t\t\t\r\n\t\t\t\t\t\t\t\t\r\n\t\t\t\t\t\t\t\r\n\t\t\t\t\t\t<\/div><!-- .dslc-blog-post -->\r\n\r\n\t\t\t\t\t\t\r\n\t\t\t\t\t\t<div class=\"dslc-post-separator\"><\/div>\r\n\t<div class=\"dslc-post dslc-blog-post dslc-col dslc-12-col  dslc-last-col dslc-post-format-standard\" data-cats=\"destaques home sem-categoria \">\r\n\r\n\t\r\n\t\t\t\t\t\t\t\t\r\n\t\t\t\t\t\t\t\t\t<div class=\"dslc-blog-post-thumb dslc-post-thumb dslc-on-hover-anim\">\r\n\r\n\t\t\t\t\t\t\t\t\t\t\r\n\t\t\t\t\t\t\t\t\t\t\t<div class=\"dslc-blog-post-thumb-inner dslca-post-thumb\">\r\n\t\t\t\t\t\t\t\t\t\t\t\t\r\n\t\t\t\t\t\t\t\t\t\t\t\t\t\t\t\t\t\t\t\t\t\t\t\t\t<a href=\"https:\/\/cnr.org.br\/site\/revista-cartorio-contemporaneo-confira-aqui-os-destaques-da-nova-edicao\/\" class=\"\"><img loading=\"lazy\" decoding=\"async\" width=\"555\" height=\"350\" src=\"https:\/\/cnr.org.br\/site\/wp-content\/uploads\/2019\/03\/Banner-Home-Site.jpg\" class=\"attachment-full size-full wp-post-image\" alt=\"\" title=\"Banner-Home-Site.jpg\" srcset=\"https:\/\/cnr.org.br\/site\/wp-content\/uploads\/2019\/03\/Banner-Home-Site.jpg 555w, https:\/\/cnr.org.br\/site\/wp-content\/uploads\/2019\/03\/Banner-Home-Site-300x189.jpg 300w\" sizes=\"auto, (max-width: 555px) 100vw, 555px\" \/><\/a>\r\n\t\t\t\t\t\t\t\t\t\t\t\t\t\t\t\t\t\t\t\t\t\t\t<\/div><!-- .dslc-blog-post-thumb-inner -->\r\n\r\n\t\t\t\t\t\t\t\t\t\t\r\n\t\t\t\t\t\t\t\t\t\t\r\n\t\t\t\t\t\t\t\t\t<\/div><!-- .dslc-blog-post-thumb -->\r\n\r\n\t\t\t\t\t\t\t\t\r\n\t\t\t\t\t\t\t\r\n\t\t\t\t\t\t\t\r\n\t\t\t\t\t\t\t\t<div class=\"dslc-post-main dslc-blog-post-main\">\r\n\r\n\t\t\t\t\t\t\t\t\t\r\n\t\t\t\t\t\t\t\t\t\r\n\t\t\t\t\t\t\t\t\t\t<div class=\"dslc-blog-post-title\">\r\n\t\t\t\t\t\t\t\t\t\t\t<h2><a href=\"https:\/\/cnr.org.br\/site\/revista-cartorio-contemporaneo-confira-aqui-os-destaques-da-nova-edicao\/\">Revista Cart\u00f3rio Contempor\u00e2neo: confira aqui os destaques da nova edi\u00e7\u00e3o<\/a><\/h2>\r\n\t\t\t\t\t\t\t\t\t\t<\/div><!-- .dslc-blog-post-title -->\r\n\r\n\t\t\t\t\t\t\t\t\t\r\n\t\t\t\t\t\t\t\t\t\r\n\t\t\t\t\t\t\t\t\t\r\n\t\t\t\t\t\t\t\t\t\t<div class=\"dslc-blog-post-excerpt\">\r\n\t\t\t\t\t\t\t\t\t\t\t\t\t\t\t\t\t\t\t\t\t\t\tEm entrevista exclusiva para a revista da CNR, o ministro Humberto Martins chamou a aten\u00e7\u00e3o para o per\u00edodo de transforma\u00e7\u00f5es dos servi\u00e7os notariais e registrais e como elas s\u00e3o positivas para o cidad\u00e3o A Confedera\u00e7\u00e3o Nacional de Not\u00e1rios e Registradores (CNR) lan\u00e7ou mais uma edi\u00e7\u00e3o de sua revista - Cart\u00f3rio Contempor\u00e2neo. Para esta publica\u00e7\u00e3o, o [&hellip;]\t\t\t\t\t\t\t\t\t\t\t\t\t\t\t\t\t\t\t\t\t<\/div><!-- .dslc-blog-post-excerpt -->\r\n\r\n\t\t\t\t\t\t\t\t\t\r\n\t\t\t\t\t\t\t\t\t\r\n\t\t\t\t\t\t\t\t\t\t<div class=\"dslc-blog-post-read-more\">\r\n\t\t\t\t\t\t\t\t\t\t\t<a href=\"https:\/\/cnr.org.br\/site\/revista-cartorio-contemporaneo-confira-aqui-os-destaques-da-nova-edicao\/\">\r\n\t\t\t\t\t\t\t\t\t\t\t\t\t\t\t\t\t\t\t\t\t\t\t\t\t<span class=\"dslc-icon dslc-icon-\"><\/span>\t\r\n\t\t\t\t\t\t\t\t\t\t\t\t\t\t\t\t\t\t\t\t\t\t\t\tLeia mais\t\t\t\t\t\t\t\t\t\t\t<\/a>\r\n\t\t\t\t\t\t\t\t\t\t<\/div><!-- .dslc-blog-post-read-more -->\r\n\r\n\t\t\t\t\t\t\t\t\t\r\n\t\t\t\t\t\t\t\t<\/div><!-- .blog-post-main -->\r\n\r\n\t\t\t\t\t\t\t\t\r\n\t\t\t\t\t\t\t\t\r\n\t\t\t\t\t\t\t\r\n\t\t\t\t\t\t<\/div><!-- .dslc-blog-post -->\r\n\r\n\t\t\t\t\t\t\r\n\t\t\t\t\t\t<div class=\"dslc-post-separator\"><\/div>\r\n\t<div class=\"dslc-post dslc-blog-post dslc-col dslc-12-col  dslc-last-col dslc-post-format-standard\" data-cats=\"evento home ultimas-noticias \">\r\n\r\n\t\r\n\t\t\t\t\t\t\t\t\r\n\t\t\t\t\t\t\t\t\t<div class=\"dslc-blog-post-thumb dslc-post-thumb dslc-on-hover-anim\">\r\n\r\n\t\t\t\t\t\t\t\t\t\t\r\n\t\t\t\t\t\t\t\t\t\t\t<div class=\"dslc-blog-post-thumb-inner dslca-post-thumb\">\r\n\t\t\t\t\t\t\t\t\t\t\t\t\r\n\t\t\t\t\t\t\t\t\t\t\t\t\t\t\t\t\t\t\t\t\t\t\t\t\t<a href=\"https:\/\/cnr.org.br\/site\/cnr-realiza-assembleia-geral-extraordinaria-com-entidades-sindicais-da-atividade-notarial-e-de-registro-2\/\" class=\"\"><img loading=\"lazy\" decoding=\"async\" width=\"1024\" height=\"768\" src=\"https:\/\/cnr.org.br\/site\/wp-content\/uploads\/2019\/02\/20190213_122240-1024x768.jpg\" class=\"attachment-full size-full wp-post-image\" alt=\"\" title=\"20190213_122240-1024x768\" srcset=\"https:\/\/cnr.org.br\/site\/wp-content\/uploads\/2019\/02\/20190213_122240-1024x768.jpg 1024w, https:\/\/cnr.org.br\/site\/wp-content\/uploads\/2019\/02\/20190213_122240-1024x768-300x225.jpg 300w, https:\/\/cnr.org.br\/site\/wp-content\/uploads\/2019\/02\/20190213_122240-1024x768-768x576.jpg 768w\" sizes=\"auto, (max-width: 1024px) 100vw, 1024px\" \/><\/a>\r\n\t\t\t\t\t\t\t\t\t\t\t\t\t\t\t\t\t\t\t\t\t\t\t<\/div><!-- .dslc-blog-post-thumb-inner -->\r\n\r\n\t\t\t\t\t\t\t\t\t\t\r\n\t\t\t\t\t\t\t\t\t\t\r\n\t\t\t\t\t\t\t\t\t<\/div><!-- .dslc-blog-post-thumb -->\r\n\r\n\t\t\t\t\t\t\t\t\r\n\t\t\t\t\t\t\t\r\n\t\t\t\t\t\t\t\r\n\t\t\t\t\t\t\t\t<div class=\"dslc-post-main dslc-blog-post-main\">\r\n\r\n\t\t\t\t\t\t\t\t\t\r\n\t\t\t\t\t\t\t\t\t\r\n\t\t\t\t\t\t\t\t\t\t<div class=\"dslc-blog-post-title\">\r\n\t\t\t\t\t\t\t\t\t\t\t<h2><a href=\"https:\/\/cnr.org.br\/site\/cnr-realiza-assembleia-geral-extraordinaria-com-entidades-sindicais-da-atividade-notarial-e-de-registro-2\/\">CNR realiza Assembleia Geral Extraordin\u00e1ria com entidades sindicais da atividade notarial e de registro<\/a><\/h2>\r\n\t\t\t\t\t\t\t\t\t\t<\/div><!-- .dslc-blog-post-title -->\r\n\r\n\t\t\t\t\t\t\t\t\t\r\n\t\t\t\t\t\t\t\t\t\r\n\t\t\t\t\t\t\t\t\t\r\n\t\t\t\t\t\t\t\t\t\t<div class=\"dslc-blog-post-excerpt\">\r\n\t\t\t\t\t\t\t\t\t\t\t\t\t\t\t\t\t\t\t\t\t\t\tEvento abordou meios para fortalecer as entidades e manter a representatividade sindical O presidente da Confedera\u00e7\u00e3o Nacional dos Not\u00e1rios e Registradores (CNR), Rog\u00e9rio Portugal Bacellar, realizou a abertura da Assembleia Geral com o lan\u00e7amento da nova edi\u00e7\u00e3o da Revista da CNR, a Cart\u00f3rio Contempor\u00e2neo. Em seguida, destacou a import\u00e2ncia da representatividade que a Confedera\u00e7\u00e3o tem [&hellip;]\t\t\t\t\t\t\t\t\t\t\t\t\t\t\t\t\t\t\t\t\t<\/div><!-- .dslc-blog-post-excerpt -->\r\n\r\n\t\t\t\t\t\t\t\t\t\r\n\t\t\t\t\t\t\t\t\t\r\n\t\t\t\t\t\t\t\t\t\t<div class=\"dslc-blog-post-read-more\">\r\n\t\t\t\t\t\t\t\t\t\t\t<a href=\"https:\/\/cnr.org.br\/site\/cnr-realiza-assembleia-geral-extraordinaria-com-entidades-sindicais-da-atividade-notarial-e-de-registro-2\/\">\r\n\t\t\t\t\t\t\t\t\t\t\t\t\t\t\t\t\t\t\t\t\t\t\t\t\t<span class=\"dslc-icon dslc-icon-\"><\/span>\t\r\n\t\t\t\t\t\t\t\t\t\t\t\t\t\t\t\t\t\t\t\t\t\t\t\tLeia mais\t\t\t\t\t\t\t\t\t\t\t<\/a>\r\n\t\t\t\t\t\t\t\t\t\t<\/div><!-- .dslc-blog-post-read-more -->\r\n\r\n\t\t\t\t\t\t\t\t\t\r\n\t\t\t\t\t\t\t\t<\/div><!-- .blog-post-main -->\r\n\r\n\t\t\t\t\t\t\t\t\r\n\t\t\t\t\t\t\t\t\r\n\t\t\t\t\t\t\t\r\n\t\t\t\t\t\t<\/div><!-- .dslc-blog-post -->\r\n\r\n\t\t\t\t\t\t\r\n\t\t\t\t\t\t<div class=\"dslc-post-separator\"><\/div>\r\n\t<div class=\"dslc-post dslc-blog-post dslc-col dslc-12-col  dslc-last-col dslc-post-format-standard\" data-cats=\"destaques home noticia ultimas-noticias \">\r\n\r\n\t\r\n\t\t\t\t\t\t\t\t\r\n\t\t\t\t\t\t\t\t\t<div class=\"dslc-blog-post-thumb dslc-post-thumb dslc-on-hover-anim\">\r\n\r\n\t\t\t\t\t\t\t\t\t\t\r\n\t\t\t\t\t\t\t\t\t\t\t<div class=\"dslc-blog-post-thumb-inner dslca-post-thumb\">\r\n\t\t\t\t\t\t\t\t\t\t\t\t\r\n\t\t\t\t\t\t\t\t\t\t\t\t\t\t\t\t\t\t\t\t\t\t\t\t\t<a href=\"https:\/\/cnr.org.br\/site\/notarios-e-registradores-se-reuniram-em-recife-para-debater-desafios-e-novos-servicos-dos-cartorios\/\" class=\"\"><img loading=\"lazy\" decoding=\"async\" width=\"1024\" height=\"768\" src=\"https:\/\/cnr.org.br\/site\/wp-content\/uploads\/2019\/02\/Encontro-Recife4-1024x768.jpeg\" class=\"attachment-full size-full wp-post-image\" alt=\"\" title=\"Encontro-Recife4-1024x768\" srcset=\"https:\/\/cnr.org.br\/site\/wp-content\/uploads\/2019\/02\/Encontro-Recife4-1024x768.jpeg 1024w, https:\/\/cnr.org.br\/site\/wp-content\/uploads\/2019\/02\/Encontro-Recife4-1024x768-300x225.jpeg 300w, https:\/\/cnr.org.br\/site\/wp-content\/uploads\/2019\/02\/Encontro-Recife4-1024x768-768x576.jpeg 768w\" sizes=\"auto, (max-width: 1024px) 100vw, 1024px\" \/><\/a>\r\n\t\t\t\t\t\t\t\t\t\t\t\t\t\t\t\t\t\t\t\t\t\t\t<\/div><!-- .dslc-blog-post-thumb-inner -->\r\n\r\n\t\t\t\t\t\t\t\t\t\t\r\n\t\t\t\t\t\t\t\t\t\t\r\n\t\t\t\t\t\t\t\t\t<\/div><!-- .dslc-blog-post-thumb -->\r\n\r\n\t\t\t\t\t\t\t\t\r\n\t\t\t\t\t\t\t\r\n\t\t\t\t\t\t\t\r\n\t\t\t\t\t\t\t\t<div class=\"dslc-post-main dslc-blog-post-main\">\r\n\r\n\t\t\t\t\t\t\t\t\t\r\n\t\t\t\t\t\t\t\t\t\r\n\t\t\t\t\t\t\t\t\t\t<div class=\"dslc-blog-post-title\">\r\n\t\t\t\t\t\t\t\t\t\t\t<h2><a href=\"https:\/\/cnr.org.br\/site\/notarios-e-registradores-se-reuniram-em-recife-para-debater-desafios-e-novos-servicos-dos-cartorios\/\">Not\u00e1rios e Registradores se reuniram em Recife para debater desafios e novos servi\u00e7os dos cart\u00f3rios<\/a><\/h2>\r\n\t\t\t\t\t\t\t\t\t\t<\/div><!-- .dslc-blog-post-title -->\r\n\r\n\t\t\t\t\t\t\t\t\t\r\n\t\t\t\t\t\t\t\t\t\r\n\t\t\t\t\t\t\t\t\t\r\n\t\t\t\t\t\t\t\t\t\t<div class=\"dslc-blog-post-excerpt\">\r\n\t\t\t\t\t\t\t\t\t\t\t\t\t\t\t\t\t\t\t\t\t\t\tO evento foi realizado com o apoio do SINOREG-PE no dia 08 de fevereiro Not\u00e1rios, registradores, colaboradores de cart\u00f3rios, advogados e contadores se reuniram em evento para debater os principais desafios, novos servi\u00e7os nos cart\u00f3rios e rela\u00e7\u00f5es de trabalho no setor. O debate ocorreu durante o Encontro Descentralizado em Recife, na \u00faltima sexta-feira (08). O [&hellip;]\t\t\t\t\t\t\t\t\t\t\t\t\t\t\t\t\t\t\t\t\t<\/div><!-- .dslc-blog-post-excerpt -->\r\n\r\n\t\t\t\t\t\t\t\t\t\r\n\t\t\t\t\t\t\t\t\t\r\n\t\t\t\t\t\t\t\t\t\t<div class=\"dslc-blog-post-read-more\">\r\n\t\t\t\t\t\t\t\t\t\t\t<a href=\"https:\/\/cnr.org.br\/site\/notarios-e-registradores-se-reuniram-em-recife-para-debater-desafios-e-novos-servicos-dos-cartorios\/\">\r\n\t\t\t\t\t\t\t\t\t\t\t\t\t\t\t\t\t\t\t\t\t\t\t\t\t<span class=\"dslc-icon dslc-icon-\"><\/span>\t\r\n\t\t\t\t\t\t\t\t\t\t\t\t\t\t\t\t\t\t\t\t\t\t\t\tLeia mais\t\t\t\t\t\t\t\t\t\t\t<\/a>\r\n\t\t\t\t\t\t\t\t\t\t<\/div><!-- .dslc-blog-post-read-more -->\r\n\r\n\t\t\t\t\t\t\t\t\t\r\n\t\t\t\t\t\t\t\t<\/div><!-- .blog-post-main -->\r\n\r\n\t\t\t\t\t\t\t\t\r\n\t\t\t\t\t\t\t\t\r\n\t\t\t\t\t\t\t\r\n\t\t\t\t\t\t<\/div><!-- .dslc-blog-post -->\r\n\r\n\t\t\t\t\t\t\r\n\t\t\t\t\t\t<div class=\"dslc-post-separator\"><\/div>\r\n\t<div class=\"dslc-post dslc-blog-post dslc-col dslc-12-col  dslc-last-col dslc-post-format-standard\" data-cats=\"destaques sem-categoria \">\r\n\r\n\t\r\n\t\t\t\t\t\t\t\t\r\n\t\t\t\t\t\t\t\t\t<div class=\"dslc-blog-post-thumb dslc-post-thumb dslc-on-hover-anim\">\r\n\r\n\t\t\t\t\t\t\t\t\t\t\r\n\t\t\t\t\t\t\t\t\t\t\t<div class=\"dslc-blog-post-thumb-inner dslca-post-thumb\">\r\n\t\t\t\t\t\t\t\t\t\t\t\t\r\n\t\t\t\t\t\t\t\t\t\t\t\t\t\t\t\t\t\t\t\t\t\t\t\t\t<a href=\"https:\/\/cnr.org.br\/site\/entrevista-eva-tenorio-de-brito-presidente-do-sinoreg-pe\/\" class=\"\"><img loading=\"lazy\" decoding=\"async\" width=\"1280\" height=\"704\" src=\"https:\/\/cnr.org.br\/site\/wp-content\/uploads\/2019\/03\/Post-Link-Eva-Tenorio.jpg\" class=\"attachment-full size-full wp-post-image\" alt=\"\" title=\"Post-Link-Eva-Tenorio.jpg\" srcset=\"https:\/\/cnr.org.br\/site\/wp-content\/uploads\/2019\/03\/Post-Link-Eva-Tenorio.jpg 1280w, https:\/\/cnr.org.br\/site\/wp-content\/uploads\/2019\/03\/Post-Link-Eva-Tenorio-300x165.jpg 300w, https:\/\/cnr.org.br\/site\/wp-content\/uploads\/2019\/03\/Post-Link-Eva-Tenorio-768x422.jpg 768w, https:\/\/cnr.org.br\/site\/wp-content\/uploads\/2019\/03\/Post-Link-Eva-Tenorio-1024x563.jpg 1024w\" sizes=\"auto, (max-width: 1280px) 100vw, 1280px\" \/><\/a>\r\n\t\t\t\t\t\t\t\t\t\t\t\t\t\t\t\t\t\t\t\t\t\t\t<\/div><!-- .dslc-blog-post-thumb-inner -->\r\n\r\n\t\t\t\t\t\t\t\t\t\t\r\n\t\t\t\t\t\t\t\t\t\t\r\n\t\t\t\t\t\t\t\t\t<\/div><!-- .dslc-blog-post-thumb -->\r\n\r\n\t\t\t\t\t\t\t\t\r\n\t\t\t\t\t\t\t\r\n\t\t\t\t\t\t\t\r\n\t\t\t\t\t\t\t\t<div class=\"dslc-post-main dslc-blog-post-main\">\r\n\r\n\t\t\t\t\t\t\t\t\t\r\n\t\t\t\t\t\t\t\t\t\r\n\t\t\t\t\t\t\t\t\t\t<div class=\"dslc-blog-post-title\">\r\n\t\t\t\t\t\t\t\t\t\t\t<h2><a href=\"https:\/\/cnr.org.br\/site\/entrevista-eva-tenorio-de-brito-presidente-do-sinoreg-pe\/\">Entrevista - Eva Ten\u00f3rio de Brito, Presidente do SINOREG-PE<\/a><\/h2>\r\n\t\t\t\t\t\t\t\t\t\t<\/div><!-- .dslc-blog-post-title -->\r\n\r\n\t\t\t\t\t\t\t\t\t\r\n\t\t\t\t\t\t\t\t\t\r\n\t\t\t\t\t\t\t\t\t\r\n\t\t\t\t\t\t\t\t\t\t<div class=\"dslc-blog-post-excerpt\">\r\n\t\t\t\t\t\t\t\t\t\t\t\t\t\t\t\t\t\t\t\t\t\t\t\u201cA luta constante em Bras\u00edlia junto aos tr\u00eas poderes \u00e9 o mais importante trabalho da CNR\u201d, disse a tabeli\u00e3 Nesta semana ser\u00e1 realizado o primeiro Encontro Descentralizado do ano. O evento \u00e9 uma realiza\u00e7\u00e3o da Confedera\u00e7\u00e3o Nacional de Not\u00e1rios e Registradores (CNR), do Sindicato dos Not\u00e1rios e Registradores de Pernambuco (SINOREG-PE) e da Federa\u00e7\u00e3o Interestadual [&hellip;]\t\t\t\t\t\t\t\t\t\t\t\t\t\t\t\t\t\t\t\t\t<\/div><!-- .dslc-blog-post-excerpt -->\r\n\r\n\t\t\t\t\t\t\t\t\t\r\n\t\t\t\t\t\t\t\t\t\r\n\t\t\t\t\t\t\t\t\t\t<div class=\"dslc-blog-post-read-more\">\r\n\t\t\t\t\t\t\t\t\t\t\t<a href=\"https:\/\/cnr.org.br\/site\/entrevista-eva-tenorio-de-brito-presidente-do-sinoreg-pe\/\">\r\n\t\t\t\t\t\t\t\t\t\t\t\t\t\t\t\t\t\t\t\t\t\t\t\t\t<span class=\"dslc-icon dslc-icon-\"><\/span>\t\r\n\t\t\t\t\t\t\t\t\t\t\t\t\t\t\t\t\t\t\t\t\t\t\t\tLeia mais\t\t\t\t\t\t\t\t\t\t\t<\/a>\r\n\t\t\t\t\t\t\t\t\t\t<\/div><!-- .dslc-blog-post-read-more -->\r\n\r\n\t\t\t\t\t\t\t\t\t\r\n\t\t\t\t\t\t\t\t<\/div><!-- .blog-post-main -->\r\n\r\n\t\t\t\t\t\t\t\t\r\n\t\t\t\t\t\t\t\t\r\n\t\t\t\t\t\t\t\r\n\t\t\t\t\t\t<\/div><!-- .dslc-blog-post -->\r\n\r\n\t\t\t\t\t\t\r\n\t\t\t\t\t\t<div class=\"dslc-post-separator\"><\/div>\r\n\t<div class=\"dslc-post dslc-blog-post dslc-col dslc-12-col  dslc-last-col dslc-post-format-standard\" data-cats=\"clube-de-vantagens home ultimas-noticias \">\r\n\r\n\t\r\n\t\t\t\t\t\t\t\t\r\n\t\t\t\t\t\t\t\t\t<div class=\"dslc-blog-post-thumb dslc-post-thumb dslc-on-hover-anim\">\r\n\r\n\t\t\t\t\t\t\t\t\t\t\r\n\t\t\t\t\t\t\t\t\t\t\t<div class=\"dslc-blog-post-thumb-inner dslca-post-thumb\">\r\n\t\t\t\t\t\t\t\t\t\t\t\t\r\n\t\t\t\t\t\t\t\t\t\t\t\t\t\t\t\t\t\t\t\t\t\t\t\t\t<a href=\"https:\/\/cnr.org.br\/site\/impressos-de-seguranca-condicoes-especiais-para-os-associados-do-clube-de-vantagens\/\" class=\"\"><img loading=\"lazy\" decoding=\"async\" width=\"1280\" height=\"704\" src=\"https:\/\/cnr.org.br\/site\/wp-content\/uploads\/2019\/03\/Clube-de-Vantagens-IGB-Grafica.jpg\" class=\"attachment-full size-full wp-post-image\" alt=\"\" title=\"Clube-de-Vantagens-IGB-Grafica.jpg\" srcset=\"https:\/\/cnr.org.br\/site\/wp-content\/uploads\/2019\/03\/Clube-de-Vantagens-IGB-Grafica.jpg 1280w, https:\/\/cnr.org.br\/site\/wp-content\/uploads\/2019\/03\/Clube-de-Vantagens-IGB-Grafica-300x165.jpg 300w, https:\/\/cnr.org.br\/site\/wp-content\/uploads\/2019\/03\/Clube-de-Vantagens-IGB-Grafica-768x422.jpg 768w, https:\/\/cnr.org.br\/site\/wp-content\/uploads\/2019\/03\/Clube-de-Vantagens-IGB-Grafica-1024x563.jpg 1024w\" sizes=\"auto, (max-width: 1280px) 100vw, 1280px\" \/><\/a>\r\n\t\t\t\t\t\t\t\t\t\t\t\t\t\t\t\t\t\t\t\t\t\t\t<\/div><!-- .dslc-blog-post-thumb-inner -->\r\n\r\n\t\t\t\t\t\t\t\t\t\t\r\n\t\t\t\t\t\t\t\t\t\t\r\n\t\t\t\t\t\t\t\t\t<\/div><!-- .dslc-blog-post-thumb -->\r\n\r\n\t\t\t\t\t\t\t\t\r\n\t\t\t\t\t\t\t\r\n\t\t\t\t\t\t\t\r\n\t\t\t\t\t\t\t\t<div class=\"dslc-post-main dslc-blog-post-main\">\r\n\r\n\t\t\t\t\t\t\t\t\t\r\n\t\t\t\t\t\t\t\t\t\r\n\t\t\t\t\t\t\t\t\t\t<div class=\"dslc-blog-post-title\">\r\n\t\t\t\t\t\t\t\t\t\t\t<h2><a href=\"https:\/\/cnr.org.br\/site\/impressos-de-seguranca-condicoes-especiais-para-os-associados-do-clube-de-vantagens\/\">Impressos de Seguran\u00e7a: condi\u00e7\u00f5es especiais para os associados do Clube de Vantagens<\/a><\/h2>\r\n\t\t\t\t\t\t\t\t\t\t<\/div><!-- .dslc-blog-post-title -->\r\n\r\n\t\t\t\t\t\t\t\t\t\r\n\t\t\t\t\t\t\t\t\t\r\n\t\t\t\t\t\t\t\t\t\r\n\t\t\t\t\t\t\t\t\t\t<div class=\"dslc-blog-post-excerpt\">\r\n\t\t\t\t\t\t\t\t\t\t\t\t\t\t\t\t\t\t\t\t\t\t\tParceria entre CNR e IGB oferece descontos para impressos de seguran\u00e7a comprados pelo site da gr\u00e1fica Quem trabalha com servi\u00e7os notariais e de registro sabe a import\u00e2ncia de ter seguran\u00e7a na emiss\u00e3o dos documentos: certid\u00f5es de nascimento, casamento, \u00f3bito, entre outros documentos autenticados e com firma reconhecida. A formula\u00e7\u00e3o desses pap\u00e9is exige cuidados espec\u00edficos que [&hellip;]\t\t\t\t\t\t\t\t\t\t\t\t\t\t\t\t\t\t\t\t\t<\/div><!-- .dslc-blog-post-excerpt -->\r\n\r\n\t\t\t\t\t\t\t\t\t\r\n\t\t\t\t\t\t\t\t\t\r\n\t\t\t\t\t\t\t\t\t\t<div class=\"dslc-blog-post-read-more\">\r\n\t\t\t\t\t\t\t\t\t\t\t<a href=\"https:\/\/cnr.org.br\/site\/impressos-de-seguranca-condicoes-especiais-para-os-associados-do-clube-de-vantagens\/\">\r\n\t\t\t\t\t\t\t\t\t\t\t\t\t\t\t\t\t\t\t\t\t\t\t\t\t<span class=\"dslc-icon dslc-icon-\"><\/span>\t\r\n\t\t\t\t\t\t\t\t\t\t\t\t\t\t\t\t\t\t\t\t\t\t\t\tLeia mais\t\t\t\t\t\t\t\t\t\t\t<\/a>\r\n\t\t\t\t\t\t\t\t\t\t<\/div><!-- .dslc-blog-post-read-more -->\r\n\r\n\t\t\t\t\t\t\t\t\t\r\n\t\t\t\t\t\t\t\t<\/div><!-- .blog-post-main -->\r\n\r\n\t\t\t\t\t\t\t\t\r\n\t\t\t\t\t\t\t\t\r\n\t\t\t\t\t\t\t\r\n\t\t\t\t\t\t<\/div><!-- .dslc-blog-post -->\r\n\r\n\t\t\t\t\t\t\r\n\t\t\t\t\t\t<div class=\"dslc-post-separator\"><\/div>\r\n\t<div class=\"dslc-post dslc-blog-post dslc-col dslc-12-col  dslc-last-col dslc-post-format-standard\" data-cats=\"ultimas-noticias \">\r\n\r\n\t\r\n\t\t\t\t\t\t\t\t\r\n\t\t\t\t\t\t\t\t\t<div class=\"dslc-blog-post-thumb dslc-post-thumb dslc-on-hover-anim\">\r\n\r\n\t\t\t\t\t\t\t\t\t\t\r\n\t\t\t\t\t\t\t\t\t\t\t<div class=\"dslc-blog-post-thumb-inner dslca-post-thumb\">\r\n\t\t\t\t\t\t\t\t\t\t\t\t\r\n\t\t\t\t\t\t\t\t\t\t\t\t\t\t\t\t\t\t\t\t\t\t\t\t\t<a href=\"https:\/\/cnr.org.br\/site\/presidente-da-cnr-sera-homenageado-pela-corregedoria-geral-da-justica\/\" class=\"\"><img loading=\"lazy\" decoding=\"async\" width=\"1280\" height=\"853\" src=\"https:\/\/cnr.org.br\/site\/wp-content\/uploads\/2019\/03\/WhatsApp-Image-2019-02-01-at-14.28.53.jpeg\" class=\"attachment-full size-full wp-post-image\" alt=\"\" title=\"WhatsApp-Image-2019-02-01-at-14.28.53.jpeg\" srcset=\"https:\/\/cnr.org.br\/site\/wp-content\/uploads\/2019\/03\/WhatsApp-Image-2019-02-01-at-14.28.53.jpeg 1280w, https:\/\/cnr.org.br\/site\/wp-content\/uploads\/2019\/03\/WhatsApp-Image-2019-02-01-at-14.28.53-300x200.jpeg 300w, https:\/\/cnr.org.br\/site\/wp-content\/uploads\/2019\/03\/WhatsApp-Image-2019-02-01-at-14.28.53-768x512.jpeg 768w, https:\/\/cnr.org.br\/site\/wp-content\/uploads\/2019\/03\/WhatsApp-Image-2019-02-01-at-14.28.53-1024x682.jpeg 1024w, https:\/\/cnr.org.br\/site\/wp-content\/uploads\/2019\/03\/WhatsApp-Image-2019-02-01-at-14.28.53-435x290.jpeg 435w, https:\/\/cnr.org.br\/site\/wp-content\/uploads\/2019\/03\/WhatsApp-Image-2019-02-01-at-14.28.53-150x100.jpeg 150w, https:\/\/cnr.org.br\/site\/wp-content\/uploads\/2019\/03\/WhatsApp-Image-2019-02-01-at-14.28.53-370x247.jpeg 370w\" sizes=\"auto, (max-width: 1280px) 100vw, 1280px\" \/><\/a>\r\n\t\t\t\t\t\t\t\t\t\t\t\t\t\t\t\t\t\t\t\t\t\t\t<\/div><!-- .dslc-blog-post-thumb-inner -->\r\n\r\n\t\t\t\t\t\t\t\t\t\t\r\n\t\t\t\t\t\t\t\t\t\t\r\n\t\t\t\t\t\t\t\t\t<\/div><!-- .dslc-blog-post-thumb -->\r\n\r\n\t\t\t\t\t\t\t\t\r\n\t\t\t\t\t\t\t\r\n\t\t\t\t\t\t\t\r\n\t\t\t\t\t\t\t\t<div class=\"dslc-post-main dslc-blog-post-main\">\r\n\r\n\t\t\t\t\t\t\t\t\t\r\n\t\t\t\t\t\t\t\t\t\r\n\t\t\t\t\t\t\t\t\t\t<div class=\"dslc-blog-post-title\">\r\n\t\t\t\t\t\t\t\t\t\t\t<h2><a href=\"https:\/\/cnr.org.br\/site\/presidente-da-cnr-sera-homenageado-pela-corregedoria-geral-da-justica\/\">Presidente da CNR ser\u00e1 homenageado pelo Col\u00e9gio de Corregedores-Gerais do Brasil<\/a><\/h2>\r\n\t\t\t\t\t\t\t\t\t\t<\/div><!-- .dslc-blog-post-title -->\r\n\r\n\t\t\t\t\t\t\t\t\t\r\n\t\t\t\t\t\t\t\t\t\r\n\t\t\t\t\t\t\t\t\t\r\n\t\t\t\t\t\t\t\t\t\t<div class=\"dslc-blog-post-excerpt\">\r\n\t\t\t\t\t\t\t\t\t\t\t\t\t\t\t\t\t\t\t\t\t\t\tA cerim\u00f4nia de entrega da Medalha de Honra ao M\u00e9rito Desembargador D\u00e9cio Ant\u00f4nio Erpen ao presidente da CNR, Rog\u00e9rio Portugal Bacellar, ser\u00e1 no dia 07 de fevereiro O presidente da Confedera\u00e7\u00e3o Nacional dos Not\u00e1rios e Registradores (CNR), Rog\u00e9rio Portugal Bacellar, ser\u00e1 homenageado com a Medalha de Honra ao M\u00e9rito Desembargador D\u00e9cio Ant\u00f4nio Erpen. A condecora\u00e7\u00e3o [&hellip;]\t\t\t\t\t\t\t\t\t\t\t\t\t\t\t\t\t\t\t\t\t<\/div><!-- .dslc-blog-post-excerpt -->\r\n\r\n\t\t\t\t\t\t\t\t\t\r\n\t\t\t\t\t\t\t\t\t\r\n\t\t\t\t\t\t\t\t\t\t<div class=\"dslc-blog-post-read-more\">\r\n\t\t\t\t\t\t\t\t\t\t\t<a href=\"https:\/\/cnr.org.br\/site\/presidente-da-cnr-sera-homenageado-pela-corregedoria-geral-da-justica\/\">\r\n\t\t\t\t\t\t\t\t\t\t\t\t\t\t\t\t\t\t\t\t\t\t\t\t\t<span class=\"dslc-icon dslc-icon-\"><\/span>\t\r\n\t\t\t\t\t\t\t\t\t\t\t\t\t\t\t\t\t\t\t\t\t\t\t\tLeia mais\t\t\t\t\t\t\t\t\t\t\t<\/a>\r\n\t\t\t\t\t\t\t\t\t\t<\/div><!-- .dslc-blog-post-read-more -->\r\n\r\n\t\t\t\t\t\t\t\t\t\r\n\t\t\t\t\t\t\t\t<\/div><!-- .blog-post-main -->\r\n\r\n\t\t\t\t\t\t\t\t\r\n\t\t\t\t\t\t\t\t\r\n\t\t\t\t\t\t\t\r\n\t\t\t\t\t\t<\/div><!-- .dslc-blog-post -->\r\n\r\n\t\t\t\t\t\t\r\n\t\t\t\t\t\t<div class=\"dslc-post-separator\"><\/div>\r\n\t<div class=\"dslc-post dslc-blog-post dslc-col dslc-12-col  dslc-last-col dslc-post-format-standard\" data-cats=\"reforma-trabalhista \">\r\n\r\n\t\r\n\t\t\t\t\t\t\t\t\r\n\t\t\t\t\t\t\t\t\t<div class=\"dslc-blog-post-thumb dslc-post-thumb dslc-on-hover-anim\">\r\n\r\n\t\t\t\t\t\t\t\t\t\t\r\n\t\t\t\t\t\t\t\t\t\t\t<div class=\"dslc-blog-post-thumb-inner dslca-post-thumb\">\r\n\t\t\t\t\t\t\t\t\t\t\t\t\r\n\t\t\t\t\t\t\t\t\t\t\t\t\t\t\t\t\t\t\t\t\t\t\t\t\t<a href=\"https:\/\/cnr.org.br\/site\/empregado-x-empregador-reforma-trabalhista-ajuda-a-tracar-os-novos-perfis\/\" class=\"\"><img loading=\"lazy\" decoding=\"async\" width=\"620\" height=\"350\" src=\"https:\/\/cnr.org.br\/site\/wp-content\/uploads\/2019\/03\/reinaldo-620x350.jpg\" class=\"attachment-full size-full wp-post-image\" alt=\"\" title=\"reinaldo-620x350.jpg\" srcset=\"https:\/\/cnr.org.br\/site\/wp-content\/uploads\/2019\/03\/reinaldo-620x350.jpg 620w, https:\/\/cnr.org.br\/site\/wp-content\/uploads\/2019\/03\/reinaldo-620x350-300x169.jpg 300w\" sizes=\"auto, (max-width: 620px) 100vw, 620px\" \/><\/a>\r\n\t\t\t\t\t\t\t\t\t\t\t\t\t\t\t\t\t\t\t\t\t\t\t<\/div><!-- .dslc-blog-post-thumb-inner -->\r\n\r\n\t\t\t\t\t\t\t\t\t\t\r\n\t\t\t\t\t\t\t\t\t\t\r\n\t\t\t\t\t\t\t\t\t<\/div><!-- .dslc-blog-post-thumb -->\r\n\r\n\t\t\t\t\t\t\t\t\r\n\t\t\t\t\t\t\t\r\n\t\t\t\t\t\t\t\r\n\t\t\t\t\t\t\t\t<div class=\"dslc-post-main dslc-blog-post-main\">\r\n\r\n\t\t\t\t\t\t\t\t\t\r\n\t\t\t\t\t\t\t\t\t\r\n\t\t\t\t\t\t\t\t\t\t<div class=\"dslc-blog-post-title\">\r\n\t\t\t\t\t\t\t\t\t\t\t<h2><a href=\"https:\/\/cnr.org.br\/site\/empregado-x-empregador-reforma-trabalhista-ajuda-a-tracar-os-novos-perfis\/\">Empregado x empregador: reforma trabalhista ajuda a tra\u00e7ar os novos perfis<\/a><\/h2>\r\n\t\t\t\t\t\t\t\t\t\t<\/div><!-- .dslc-blog-post-title -->\r\n\r\n\t\t\t\t\t\t\t\t\t\r\n\t\t\t\t\t\t\t\t\t\r\n\t\t\t\t\t\t\t\t\t\r\n\t\t\t\t\t\t\t\t\t\t<div class=\"dslc-blog-post-excerpt\">\r\n\t\t\t\t\t\t\t\t\t\t\t\t\t\t\t\t\t\t\t\t\t\t\t\u201cN\u00e3o \u00e9 o mais forte que sobrevive, nem o mais inteligente, mas o que melhor se adapta \u00e0s mudan\u00e7as!\u201d A famosa frase atribu\u00edda a Charles Darwin, que na verdade nunca foi dita por ele, mas por Leon C. Megginson, \u00e9 uma importante premissa sobre o processo de evolu\u00e7\u00e3o, sobretudo, do Mundo do Trabalho. Desde a [&hellip;]\t\t\t\t\t\t\t\t\t\t\t\t\t\t\t\t\t\t\t\t\t<\/div><!-- .dslc-blog-post-excerpt -->\r\n\r\n\t\t\t\t\t\t\t\t\t\r\n\t\t\t\t\t\t\t\t\t\r\n\t\t\t\t\t\t\t\t\t\t<div class=\"dslc-blog-post-read-more\">\r\n\t\t\t\t\t\t\t\t\t\t\t<a href=\"https:\/\/cnr.org.br\/site\/empregado-x-empregador-reforma-trabalhista-ajuda-a-tracar-os-novos-perfis\/\">\r\n\t\t\t\t\t\t\t\t\t\t\t\t\t\t\t\t\t\t\t\t\t\t\t\t\t<span class=\"dslc-icon dslc-icon-\"><\/span>\t\r\n\t\t\t\t\t\t\t\t\t\t\t\t\t\t\t\t\t\t\t\t\t\t\t\tLeia mais\t\t\t\t\t\t\t\t\t\t\t<\/a>\r\n\t\t\t\t\t\t\t\t\t\t<\/div><!-- .dslc-blog-post-read-more -->\r\n\r\n\t\t\t\t\t\t\t\t\t\r\n\t\t\t\t\t\t\t\t<\/div><!-- .blog-post-main -->\r\n\r\n\t\t\t\t\t\t\t\t\r\n\t\t\t\t\t\t\t\t\r\n\t\t\t\t\t\t\t\r\n\t\t\t\t\t\t<\/div><!-- .dslc-blog-post -->\r\n\r\n\t\t\t\t\t\t\r\n\t\t\t\t\t\t<div class=\"dslc-post-separator\"><\/div>\r\n\t<div class=\"dslc-post dslc-blog-post dslc-col dslc-12-col  dslc-last-col dslc-post-format-standard\" data-cats=\"reforma-trabalhista \">\r\n\r\n\t\r\n\t\t\t\t\t\t\t\t\r\n\t\t\t\t\t\t\t\t\t<div class=\"dslc-blog-post-thumb dslc-post-thumb dslc-on-hover-anim\">\r\n\r\n\t\t\t\t\t\t\t\t\t\t\r\n\t\t\t\t\t\t\t\t\t\t\t<div class=\"dslc-blog-post-thumb-inner dslca-post-thumb\">\r\n\t\t\t\t\t\t\t\t\t\t\t\t\r\n\t\t\t\t\t\t\t\t\t\t\t\t\t\t\t\t\t\t\t\t\t\t\t\t\t<a href=\"https:\/\/cnr.org.br\/site\/contratos-anteriores-a-reforma-trabalhista-devem-ser-rescindidos-com-sindicatos\/\" class=\"\"><img loading=\"lazy\" decoding=\"async\" width=\"640\" height=\"360\" src=\"https:\/\/cnr.org.br\/site\/wp-content\/uploads\/2019\/03\/x79487683-28129.jpg.pagespeed.ic_.PpCl9igvn9.jpg\" class=\"attachment-full size-full wp-post-image\" alt=\"\" title=\"x79487683-28129.jpg.pagespeed.ic_.PpCl9igvn9.jpg\" srcset=\"https:\/\/cnr.org.br\/site\/wp-content\/uploads\/2019\/03\/x79487683-28129.jpg.pagespeed.ic_.PpCl9igvn9.jpg 640w, https:\/\/cnr.org.br\/site\/wp-content\/uploads\/2019\/03\/x79487683-28129.jpg.pagespeed.ic_.PpCl9igvn9-300x169.jpg 300w\" sizes=\"auto, (max-width: 640px) 100vw, 640px\" \/><\/a>\r\n\t\t\t\t\t\t\t\t\t\t\t\t\t\t\t\t\t\t\t\t\t\t\t<\/div><!-- .dslc-blog-post-thumb-inner -->\r\n\r\n\t\t\t\t\t\t\t\t\t\t\r\n\t\t\t\t\t\t\t\t\t\t\r\n\t\t\t\t\t\t\t\t\t<\/div><!-- .dslc-blog-post-thumb -->\r\n\r\n\t\t\t\t\t\t\t\t\r\n\t\t\t\t\t\t\t\r\n\t\t\t\t\t\t\t\r\n\t\t\t\t\t\t\t\t<div class=\"dslc-post-main dslc-blog-post-main\">\r\n\r\n\t\t\t\t\t\t\t\t\t\r\n\t\t\t\t\t\t\t\t\t\r\n\t\t\t\t\t\t\t\t\t\t<div class=\"dslc-blog-post-title\">\r\n\t\t\t\t\t\t\t\t\t\t\t<h2><a href=\"https:\/\/cnr.org.br\/site\/contratos-anteriores-a-reforma-trabalhista-devem-ser-rescindidos-com-sindicatos\/\">Contratos anteriores \u00e0 reforma trabalhista devem ser rescindidos com sindicatos<\/a><\/h2>\r\n\t\t\t\t\t\t\t\t\t\t<\/div><!-- .dslc-blog-post-title -->\r\n\r\n\t\t\t\t\t\t\t\t\t\r\n\t\t\t\t\t\t\t\t\t\r\n\t\t\t\t\t\t\t\t\t\r\n\t\t\t\t\t\t\t\t\t\t<div class=\"dslc-blog-post-excerpt\">\r\n\t\t\t\t\t\t\t\t\t\t\t\t\t\t\t\t\t\t\t\t\t\t\tUma decis\u00e3o liminar da 1\u00aa Se\u00e7\u00e3o de Diss\u00eddios Individuais do Tribunal Regional do Trabalho da 4\u00aa Regi\u00e3o, referente a uma a\u00e7\u00e3o p\u00fablica ajuizada em Porto Alegre, determinou que as rescis\u00f5es contratuais de banc\u00e1rios do Ita\u00fa admitidos antes de 11 de novembro de 2017, quando entrou em vigor a reforma trabalhista (Lei 13.467\/2017), devem ser homologadas [&hellip;]\t\t\t\t\t\t\t\t\t\t\t\t\t\t\t\t\t\t\t\t\t<\/div><!-- .dslc-blog-post-excerpt -->\r\n\r\n\t\t\t\t\t\t\t\t\t\r\n\t\t\t\t\t\t\t\t\t\r\n\t\t\t\t\t\t\t\t\t\t<div class=\"dslc-blog-post-read-more\">\r\n\t\t\t\t\t\t\t\t\t\t\t<a href=\"https:\/\/cnr.org.br\/site\/contratos-anteriores-a-reforma-trabalhista-devem-ser-rescindidos-com-sindicatos\/\">\r\n\t\t\t\t\t\t\t\t\t\t\t\t\t\t\t\t\t\t\t\t\t\t\t\t\t<span class=\"dslc-icon dslc-icon-\"><\/span>\t\r\n\t\t\t\t\t\t\t\t\t\t\t\t\t\t\t\t\t\t\t\t\t\t\t\tLeia mais\t\t\t\t\t\t\t\t\t\t\t<\/a>\r\n\t\t\t\t\t\t\t\t\t\t<\/div><!-- .dslc-blog-post-read-more -->\r\n\r\n\t\t\t\t\t\t\t\t\t\r\n\t\t\t\t\t\t\t\t<\/div><!-- .blog-post-main -->\r\n\r\n\t\t\t\t\t\t\t\t\r\n\t\t\t\t\t\t\t\t\r\n\t\t\t\t\t\t\t\r\n\t\t\t\t\t\t<\/div><!-- .dslc-blog-post -->\r\n\r\n\t\t\t\t\t\t\r\n\t\t\t\t\t\t<div class=\"dslc-post-separator\"><\/div>\r\n\t<div class=\"dslc-post dslc-blog-post dslc-col dslc-12-col  dslc-last-col dslc-post-format-standard\" data-cats=\"clube-de-vantagens destaques home ultimas-noticias \">\r\n\r\n\t\r\n\t\t\t\t\t\t\t\t\r\n\t\t\t\t\t\t\t\t\t<div class=\"dslc-blog-post-thumb dslc-post-thumb dslc-on-hover-anim\">\r\n\r\n\t\t\t\t\t\t\t\t\t\t\r\n\t\t\t\t\t\t\t\t\t\t\t<div class=\"dslc-blog-post-thumb-inner dslca-post-thumb\">\r\n\t\t\t\t\t\t\t\t\t\t\t\t\r\n\t\t\t\t\t\t\t\t\t\t\t\t\t\t\t\t\t\t\t\t\t\t\t\t\t<a href=\"https:\/\/cnr.org.br\/site\/associe-se-ao-sindicato-de-notario-e-registrador-do-seu-estado-e-aproveite-os-beneficios-do-clube-de-vantagens-da-cnr\/\" class=\"\"><img loading=\"lazy\" decoding=\"async\" width=\"1280\" height=\"704\" src=\"https:\/\/cnr.org.br\/site\/wp-content\/uploads\/2018\/10\/Site02.png\" class=\"attachment-full size-full wp-post-image\" alt=\"\" title=\"Site02\" srcset=\"https:\/\/cnr.org.br\/site\/wp-content\/uploads\/2018\/10\/Site02.png 1280w, https:\/\/cnr.org.br\/site\/wp-content\/uploads\/2018\/10\/Site02-300x165.png 300w, https:\/\/cnr.org.br\/site\/wp-content\/uploads\/2018\/10\/Site02-768x422.png 768w, https:\/\/cnr.org.br\/site\/wp-content\/uploads\/2018\/10\/Site02-1024x563.png 1024w, https:\/\/cnr.org.br\/site\/wp-content\/uploads\/2018\/10\/Site02-682x375.png 682w\" sizes=\"auto, (max-width: 1280px) 100vw, 1280px\" \/><\/a>\r\n\t\t\t\t\t\t\t\t\t\t\t\t\t\t\t\t\t\t\t\t\t\t\t<\/div><!-- .dslc-blog-post-thumb-inner -->\r\n\r\n\t\t\t\t\t\t\t\t\t\t\r\n\t\t\t\t\t\t\t\t\t\t\r\n\t\t\t\t\t\t\t\t\t<\/div><!-- .dslc-blog-post-thumb -->\r\n\r\n\t\t\t\t\t\t\t\t\r\n\t\t\t\t\t\t\t\r\n\t\t\t\t\t\t\t\r\n\t\t\t\t\t\t\t\t<div class=\"dslc-post-main dslc-blog-post-main\">\r\n\r\n\t\t\t\t\t\t\t\t\t\r\n\t\t\t\t\t\t\t\t\t\r\n\t\t\t\t\t\t\t\t\t\t<div class=\"dslc-blog-post-title\">\r\n\t\t\t\t\t\t\t\t\t\t\t<h2><a href=\"https:\/\/cnr.org.br\/site\/associe-se-ao-sindicato-de-notario-e-registrador-do-seu-estado-e-aproveite-os-beneficios-do-clube-de-vantagens-da-cnr\/\">Associe-se ao sindicato de not\u00e1rio e registrador do seu estado e aproveite os benef\u00edcios do Clube de Vantagens da CNR<\/a><\/h2>\r\n\t\t\t\t\t\t\t\t\t\t<\/div><!-- .dslc-blog-post-title -->\r\n\r\n\t\t\t\t\t\t\t\t\t\r\n\t\t\t\t\t\t\t\t\t\r\n\t\t\t\t\t\t\t\t\t\r\n\t\t\t\t\t\t\t\t\t\t<div class=\"dslc-blog-post-excerpt\">\r\n\t\t\t\t\t\t\t\t\t\t\t\t\t\t\t\t\t\t\t\t\t\t\tA contribui\u00e7\u00e3o associativa \u00e9 ben\u00e9fica tanto para a institui\u00e7\u00e3o, por conseguir dar continuidade a seus trabalhos, mas, acima de tudo, proporciona que os profissionais participem das discuss\u00f5es, delibera\u00e7\u00f5es e projetos da categoria, podendo contribuir para o crescimento do setor, entre outras vantagens. Sempre atenta \u00e0s necessidades dos profissionais atuantes nos of\u00edcios extrajudiciais, a Confedera\u00e7\u00e3o Nacional [&hellip;]\t\t\t\t\t\t\t\t\t\t\t\t\t\t\t\t\t\t\t\t\t<\/div><!-- .dslc-blog-post-excerpt -->\r\n\r\n\t\t\t\t\t\t\t\t\t\r\n\t\t\t\t\t\t\t\t\t\r\n\t\t\t\t\t\t\t\t\t\t<div class=\"dslc-blog-post-read-more\">\r\n\t\t\t\t\t\t\t\t\t\t\t<a href=\"https:\/\/cnr.org.br\/site\/associe-se-ao-sindicato-de-notario-e-registrador-do-seu-estado-e-aproveite-os-beneficios-do-clube-de-vantagens-da-cnr\/\">\r\n\t\t\t\t\t\t\t\t\t\t\t\t\t\t\t\t\t\t\t\t\t\t\t\t\t<span class=\"dslc-icon dslc-icon-\"><\/span>\t\r\n\t\t\t\t\t\t\t\t\t\t\t\t\t\t\t\t\t\t\t\t\t\t\t\tLeia mais\t\t\t\t\t\t\t\t\t\t\t<\/a>\r\n\t\t\t\t\t\t\t\t\t\t<\/div><!-- .dslc-blog-post-read-more -->\r\n\r\n\t\t\t\t\t\t\t\t\t\r\n\t\t\t\t\t\t\t\t<\/div><!-- .blog-post-main -->\r\n\r\n\t\t\t\t\t\t\t\t\r\n\t\t\t\t\t\t\t\t\r\n\t\t\t\t\t\t\t\r\n\t\t\t\t\t\t<\/div><!-- .dslc-blog-post -->\r\n\r\n\t\t\t\t\t\t\r\n\t\t\t\t\t\t<div class=\"dslc-post-separator\"><\/div>\r\n\t<div class=\"dslc-post dslc-blog-post dslc-col dslc-12-col  dslc-last-col dslc-post-format-standard\" data-cats=\"noticia ultimas-noticias \">\r\n\r\n\t\r\n\t\t\t\t\t\t\t\t\r\n\t\t\t\t\t\t\t\t\t<div class=\"dslc-blog-post-thumb dslc-post-thumb dslc-on-hover-anim\">\r\n\r\n\t\t\t\t\t\t\t\t\t\t\r\n\t\t\t\t\t\t\t\t\t\t\t<div class=\"dslc-blog-post-thumb-inner dslca-post-thumb\">\r\n\t\t\t\t\t\t\t\t\t\t\t\t\r\n\t\t\t\t\t\t\t\t\t\t\t\t\t\t\t\t\t\t\t\t\t\t\t\t\t<a href=\"https:\/\/cnr.org.br\/site\/sindicatos-estaduais-fortalecem-atuacao-de-notarios-e-registradores-no-ambito-social-politico-e-juridico\/\" class=\"\"><img loading=\"lazy\" decoding=\"async\" width=\"1270\" height=\"720\" src=\"https:\/\/cnr.org.br\/site\/wp-content\/uploads\/2026\/09\/Sindicatos-estaduais-fortalecem-atuacao-de-Notarios-e-Registradores-no-ambito-social-politico-e-juridico.png\" class=\"attachment-full size-full wp-post-image\" alt=\"\" title=\"Sindicatos estaduais fortalecem atua\u00e7\u00e3o de Not\u00e1rios e Registradores no \u00e2mbito social, pol\u00edtico e jur\u00eddico\" srcset=\"https:\/\/cnr.org.br\/site\/wp-content\/uploads\/2026\/09\/Sindicatos-estaduais-fortalecem-atuacao-de-Notarios-e-Registradores-no-ambito-social-politico-e-juridico.png 1270w, https:\/\/cnr.org.br\/site\/wp-content\/uploads\/2026\/09\/Sindicatos-estaduais-fortalecem-atuacao-de-Notarios-e-Registradores-no-ambito-social-politico-e-juridico-300x170.png 300w, https:\/\/cnr.org.br\/site\/wp-content\/uploads\/2026\/09\/Sindicatos-estaduais-fortalecem-atuacao-de-Notarios-e-Registradores-no-ambito-social-politico-e-juridico-1024x581.png 1024w, https:\/\/cnr.org.br\/site\/wp-content\/uploads\/2026\/09\/Sindicatos-estaduais-fortalecem-atuacao-de-Notarios-e-Registradores-no-ambito-social-politico-e-juridico-768x435.png 768w\" sizes=\"auto, (max-width: 1270px) 100vw, 1270px\" \/><\/a>\r\n\t\t\t\t\t\t\t\t\t\t\t\t\t\t\t\t\t\t\t\t\t\t\t<\/div><!-- .dslc-blog-post-thumb-inner -->\r\n\r\n\t\t\t\t\t\t\t\t\t\t\r\n\t\t\t\t\t\t\t\t\t\t\r\n\t\t\t\t\t\t\t\t\t<\/div><!-- .dslc-blog-post-thumb -->\r\n\r\n\t\t\t\t\t\t\t\t\r\n\t\t\t\t\t\t\t\r\n\t\t\t\t\t\t\t\r\n\t\t\t\t\t\t\t\t<div class=\"dslc-post-main dslc-blog-post-main\">\r\n\r\n\t\t\t\t\t\t\t\t\t\r\n\t\t\t\t\t\t\t\t\t\r\n\t\t\t\t\t\t\t\t\t\t<div class=\"dslc-blog-post-title\">\r\n\t\t\t\t\t\t\t\t\t\t\t<h2><a href=\"https:\/\/cnr.org.br\/site\/sindicatos-estaduais-fortalecem-atuacao-de-notarios-e-registradores-no-ambito-social-politico-e-juridico\/\">Sindicatos estaduais fortalecem atua\u00e7\u00e3o de Not\u00e1rios e Registradores no \u00e2mbito social, pol\u00edtico e jur\u00eddico<\/a><\/h2>\r\n\t\t\t\t\t\t\t\t\t\t<\/div><!-- .dslc-blog-post-title -->\r\n\r\n\t\t\t\t\t\t\t\t\t\r\n\t\t\t\t\t\t\t\t\t\r\n\t\t\t\t\t\t\t\t\t\r\n\t\t\t\t\t\t\t\t\t\t<div class=\"dslc-blog-post-excerpt\">\r\n\t\t\t\t\t\t\t\t\t\t\t\t\t\t\t\t\t\t\t\t\t\t\tConhe\u00e7a as iniciativas que posicionaram os cinco sindicatos mais bem avaliados na 5\u00aa edi\u00e7\u00e3o do Pr\u00eamio Sindicato Destaque Em um pa\u00eds de dimens\u00f5es continentais como o Brasil, onde realidades locais moldam desafios distintos, a for\u00e7a de uma categoria est\u00e1 diretamente ligada \u00e0 sua capacidade de organiza\u00e7\u00e3o. No caso dos Not\u00e1rios e Registradores, essa engrenagem passa, de forma decisiva, pela atua\u00e7\u00e3o dos sindicatos estaduais. Mais do que estruturas administrativas, essas entidades s\u00e3o espa\u00e7os vivos de escuta,&hellip;\t\t\t\t\t\t\t\t\t\t\t\t\t\t\t\t\t\t\t\t\t<\/div><!-- .dslc-blog-post-excerpt -->\r\n\r\n\t\t\t\t\t\t\t\t\t\r\n\t\t\t\t\t\t\t\t\t\r\n\t\t\t\t\t\t\t\t\t\t<div class=\"dslc-blog-post-read-more\">\r\n\t\t\t\t\t\t\t\t\t\t\t<a href=\"https:\/\/cnr.org.br\/site\/sindicatos-estaduais-fortalecem-atuacao-de-notarios-e-registradores-no-ambito-social-politico-e-juridico\/\">\r\n\t\t\t\t\t\t\t\t\t\t\t\t\t\t\t\t\t\t\t\t\t\t\t\t\t<span class=\"dslc-icon dslc-icon-\"><\/span>\t\r\n\t\t\t\t\t\t\t\t\t\t\t\t\t\t\t\t\t\t\t\t\t\t\t\tLeia mais\t\t\t\t\t\t\t\t\t\t\t<\/a>\r\n\t\t\t\t\t\t\t\t\t\t<\/div><!-- .dslc-blog-post-read-more -->\r\n\r\n\t\t\t\t\t\t\t\t\t\r\n\t\t\t\t\t\t\t\t<\/div><!-- .blog-post-main -->\r\n\r\n\t\t\t\t\t\t\t\t\r\n\t\t\t\t\t\t\t\t\r\n\t\t\t\t\t\t\t\r\n\t\t\t\t\t\t<\/div><!-- .dslc-blog-post -->\r\n\r\n\t\t\t\t\t\t\r\n\t\t\t\t\t\t<div class=\"dslc-post-separator\"><\/div>\r\n\t<div class=\"dslc-post dslc-blog-post dslc-col dslc-12-col  dslc-last-col dslc-post-format-standard\" data-cats=\"cartorio-contemporaneo-2 noticia ultimas-noticias \">\r\n\r\n\t\r\n\t\t\t\t\t\t\t\t\r\n\t\t\t\t\t\t\t\t\t<div class=\"dslc-blog-post-thumb dslc-post-thumb dslc-on-hover-anim\">\r\n\r\n\t\t\t\t\t\t\t\t\t\t\r\n\t\t\t\t\t\t\t\t\t\t\t<div class=\"dslc-blog-post-thumb-inner dslca-post-thumb\">\r\n\t\t\t\t\t\t\t\t\t\t\t\t\r\n\t\t\t\t\t\t\t\t\t\t\t\t\t\t\t\t\t\t\t\t\t\t\t\t\t<a href=\"https:\/\/cnr.org.br\/site\/programa-cartorio-contemporaneo-episodio-257\/\" class=\"\"><img loading=\"lazy\" decoding=\"async\" width=\"1920\" height=\"1080\" src=\"https:\/\/cnr.org.br\/site\/wp-content\/uploads\/2026\/09\/Tamplate-capa-para-o-site-Cartorio-Contemporaneo.png\" class=\"attachment-full size-full wp-post-image\" alt=\"\" title=\"Tamplate capa para o site - Cart\u00f3rio Contempor\u00e2neo\" srcset=\"https:\/\/cnr.org.br\/site\/wp-content\/uploads\/2026\/09\/Tamplate-capa-para-o-site-Cartorio-Contemporaneo.png 1920w, https:\/\/cnr.org.br\/site\/wp-content\/uploads\/2026\/09\/Tamplate-capa-para-o-site-Cartorio-Contemporaneo-300x169.png 300w, https:\/\/cnr.org.br\/site\/wp-content\/uploads\/2026\/09\/Tamplate-capa-para-o-site-Cartorio-Contemporaneo-1024x576.png 1024w, https:\/\/cnr.org.br\/site\/wp-content\/uploads\/2026\/09\/Tamplate-capa-para-o-site-Cartorio-Contemporaneo-768x432.png 768w, https:\/\/cnr.org.br\/site\/wp-content\/uploads\/2026\/09\/Tamplate-capa-para-o-site-Cartorio-Contemporaneo-1536x864.png 1536w\" sizes=\"auto, (max-width: 1920px) 100vw, 1920px\" \/><\/a>\r\n\t\t\t\t\t\t\t\t\t\t\t\t\t\t\t\t\t\t\t\t\t\t\t<\/div><!-- .dslc-blog-post-thumb-inner -->\r\n\r\n\t\t\t\t\t\t\t\t\t\t\r\n\t\t\t\t\t\t\t\t\t\t\r\n\t\t\t\t\t\t\t\t\t<\/div><!-- .dslc-blog-post-thumb -->\r\n\r\n\t\t\t\t\t\t\t\t\r\n\t\t\t\t\t\t\t\r\n\t\t\t\t\t\t\t\r\n\t\t\t\t\t\t\t\t<div class=\"dslc-post-main dslc-blog-post-main\">\r\n\r\n\t\t\t\t\t\t\t\t\t\r\n\t\t\t\t\t\t\t\t\t\r\n\t\t\t\t\t\t\t\t\t\t<div class=\"dslc-blog-post-title\">\r\n\t\t\t\t\t\t\t\t\t\t\t<h2><a href=\"https:\/\/cnr.org.br\/site\/programa-cartorio-contemporaneo-episodio-257\/\">Programa \u201cCart\u00f3rio Contempor\u00e2neo\u201d epis\u00f3dio 257<\/a><\/h2>\r\n\t\t\t\t\t\t\t\t\t\t<\/div><!-- .dslc-blog-post-title -->\r\n\r\n\t\t\t\t\t\t\t\t\t\r\n\t\t\t\t\t\t\t\t\t\r\n\t\t\t\t\t\t\t\t\t\r\n\t\t\t\t\t\t\t\t\t\t<div class=\"dslc-blog-post-excerpt\">\r\n\t\t\t\t\t\t\t\t\t\t\t\t\t\t\t\t\t\t\t\t\t\t\tConfira a 257\u00aa edi\u00e7\u00e3o in\u00e9dita do Programa \"Cart\u00f3rio Contempor\u00e2neo\", na TV Justi\u00e7a, uma realiza\u00e7\u00e3o da Confedera\u00e7\u00e3o Nacional de Not\u00e1rios e Registradores (CNR). Neste epis\u00f3dio in\u00e9dito, com apresenta\u00e7\u00e3o de Ana Leal, foram abordados os seguintes temas: &#x1f50a; Lideran\u00e7a, cultura organizacional e o futuro dos Cart\u00f3rios, com participa\u00e7\u00e3o de Eduardo Marcondes; &#x1f50a; Tecnologia, governan\u00e7a e gest\u00e3o aplicadas ao universo Notarial e Registral, com participa\u00e7\u00e3o do Dr. Josemiro Gomes, Israel Marcos e Nelson Carvalho. Assista: Sobre o \"Cart\u00f3rio&hellip;\t\t\t\t\t\t\t\t\t\t\t\t\t\t\t\t\t\t\t\t\t<\/div><!-- .dslc-blog-post-excerpt -->\r\n\r\n\t\t\t\t\t\t\t\t\t\r\n\t\t\t\t\t\t\t\t\t\r\n\t\t\t\t\t\t\t\t\t\t<div class=\"dslc-blog-post-read-more\">\r\n\t\t\t\t\t\t\t\t\t\t\t<a href=\"https:\/\/cnr.org.br\/site\/programa-cartorio-contemporaneo-episodio-257\/\">\r\n\t\t\t\t\t\t\t\t\t\t\t\t\t\t\t\t\t\t\t\t\t\t\t\t\t<span class=\"dslc-icon dslc-icon-\"><\/span>\t\r\n\t\t\t\t\t\t\t\t\t\t\t\t\t\t\t\t\t\t\t\t\t\t\t\tLeia mais\t\t\t\t\t\t\t\t\t\t\t<\/a>\r\n\t\t\t\t\t\t\t\t\t\t<\/div><!-- .dslc-blog-post-read-more -->\r\n\r\n\t\t\t\t\t\t\t\t\t\r\n\t\t\t\t\t\t\t\t<\/div><!-- .blog-post-main -->\r\n\r\n\t\t\t\t\t\t\t\t\r\n\t\t\t\t\t\t\t\t\r\n\t\t\t\t\t\t\t\r\n\t\t\t\t\t\t<\/div><!-- .dslc-blog-post -->\r\n\r\n\t\t\t\t\t\t\r\n\t\t\t\t\t\t<div class=\"dslc-post-separator\"><\/div>\r\n\t<div class=\"dslc-post dslc-blog-post dslc-col dslc-12-col  dslc-last-col dslc-post-format-standard\" data-cats=\"noticia ultimas-noticias \">\r\n\r\n\t\r\n\t\t\t\t\t\t\t\t\r\n\t\t\t\t\t\t\t\t\t<div class=\"dslc-blog-post-thumb dslc-post-thumb dslc-on-hover-anim\">\r\n\r\n\t\t\t\t\t\t\t\t\t\t\r\n\t\t\t\t\t\t\t\t\t\t\t<div class=\"dslc-blog-post-thumb-inner dslca-post-thumb\">\r\n\t\t\t\t\t\t\t\t\t\t\t\t\r\n\t\t\t\t\t\t\t\t\t\t\t\t\t\t\t\t\t\t\t\t\t\t\t\t\t<a href=\"https:\/\/cnr.org.br\/site\/campanha-rares-nr-de-doacao-de-brinquedos-e-livros-mobiliza-cartorios-em-todo-o-brasil\/\" class=\"\"><img loading=\"lazy\" decoding=\"async\" width=\"1270\" height=\"720\" src=\"https:\/\/cnr.org.br\/site\/wp-content\/uploads\/2026\/09\/Campanha-RARES-NR-de-Doacao-de-Brinquedos-e-Livros-mobiliza-cartorios-em-todo-o-Brasil.png\" class=\"attachment-full size-full wp-post-image\" alt=\"\" title=\"Campanha RARES-NR de Doa\u00e7\u00e3o de Brinquedos e Livros mobiliza cart\u00f3rios em todo o Brasil\" srcset=\"https:\/\/cnr.org.br\/site\/wp-content\/uploads\/2026\/09\/Campanha-RARES-NR-de-Doacao-de-Brinquedos-e-Livros-mobiliza-cartorios-em-todo-o-Brasil.png 1270w, https:\/\/cnr.org.br\/site\/wp-content\/uploads\/2026\/09\/Campanha-RARES-NR-de-Doacao-de-Brinquedos-e-Livros-mobiliza-cartorios-em-todo-o-Brasil-300x170.png 300w, https:\/\/cnr.org.br\/site\/wp-content\/uploads\/2026\/09\/Campanha-RARES-NR-de-Doacao-de-Brinquedos-e-Livros-mobiliza-cartorios-em-todo-o-Brasil-1024x581.png 1024w, https:\/\/cnr.org.br\/site\/wp-content\/uploads\/2026\/09\/Campanha-RARES-NR-de-Doacao-de-Brinquedos-e-Livros-mobiliza-cartorios-em-todo-o-Brasil-768x435.png 768w\" sizes=\"auto, (max-width: 1270px) 100vw, 1270px\" \/><\/a>\r\n\t\t\t\t\t\t\t\t\t\t\t\t\t\t\t\t\t\t\t\t\t\t\t<\/div><!-- .dslc-blog-post-thumb-inner -->\r\n\r\n\t\t\t\t\t\t\t\t\t\t\r\n\t\t\t\t\t\t\t\t\t\t\r\n\t\t\t\t\t\t\t\t\t<\/div><!-- .dslc-blog-post-thumb -->\r\n\r\n\t\t\t\t\t\t\t\t\r\n\t\t\t\t\t\t\t\r\n\t\t\t\t\t\t\t\r\n\t\t\t\t\t\t\t\t<div class=\"dslc-post-main dslc-blog-post-main\">\r\n\r\n\t\t\t\t\t\t\t\t\t\r\n\t\t\t\t\t\t\t\t\t\r\n\t\t\t\t\t\t\t\t\t\t<div class=\"dslc-blog-post-title\">\r\n\t\t\t\t\t\t\t\t\t\t\t<h2><a href=\"https:\/\/cnr.org.br\/site\/campanha-rares-nr-de-doacao-de-brinquedos-e-livros-mobiliza-cartorios-em-todo-o-brasil\/\">Campanha RARES-NR de Doa\u00e7\u00e3o de Brinquedos e Livros mobiliza cart\u00f3rios em todo o Brasil<\/a><\/h2>\r\n\t\t\t\t\t\t\t\t\t\t<\/div><!-- .dslc-blog-post-title -->\r\n\r\n\t\t\t\t\t\t\t\t\t\r\n\t\t\t\t\t\t\t\t\t\r\n\t\t\t\t\t\t\t\t\t\r\n\t\t\t\t\t\t\t\t\t\t<div class=\"dslc-blog-post-excerpt\">\r\n\t\t\t\t\t\t\t\t\t\t\t\t\t\t\t\t\t\t\t\t\t\t\tA\u00a0RARES-NR\u00a0promove, de\u00a01\u00ba de setembro a 9 de outubro, a\u00a0Campanha de Doa\u00e7\u00e3o de Brinquedos e Livros, iniciativa que busca mobilizar cart\u00f3rios extrajudiciais e a sociedade em uma grande corrente de solidariedade. Durante o per\u00edodo da campanha, os cart\u00f3rios participantes funcionar\u00e3o como\u00a0pontos de arrecada\u00e7\u00e3o, recebendo\u00a0brinquedos e livros\u00a0que ser\u00e3o destinados a\u00a0bibliotecas, ONGs, creches, escolas e outras institui\u00e7\u00f5es\u00a0que incentivam a leitura e promovem a\u00e7\u00f5es voltadas \u00e0 comunidade. O que pode ser doado? A campanha recebe\u00a0brinquedos para todas as faixas&hellip;\t\t\t\t\t\t\t\t\t\t\t\t\t\t\t\t\t\t\t\t\t<\/div><!-- .dslc-blog-post-excerpt -->\r\n\r\n\t\t\t\t\t\t\t\t\t\r\n\t\t\t\t\t\t\t\t\t\r\n\t\t\t\t\t\t\t\t\t\t<div class=\"dslc-blog-post-read-more\">\r\n\t\t\t\t\t\t\t\t\t\t\t<a href=\"https:\/\/cnr.org.br\/site\/campanha-rares-nr-de-doacao-de-brinquedos-e-livros-mobiliza-cartorios-em-todo-o-brasil\/\">\r\n\t\t\t\t\t\t\t\t\t\t\t\t\t\t\t\t\t\t\t\t\t\t\t\t\t<span class=\"dslc-icon dslc-icon-\"><\/span>\t\r\n\t\t\t\t\t\t\t\t\t\t\t\t\t\t\t\t\t\t\t\t\t\t\t\tLeia mais\t\t\t\t\t\t\t\t\t\t\t<\/a>\r\n\t\t\t\t\t\t\t\t\t\t<\/div><!-- .dslc-blog-post-read-more -->\r\n\r\n\t\t\t\t\t\t\t\t\t\r\n\t\t\t\t\t\t\t\t<\/div><!-- .blog-post-main -->\r\n\r\n\t\t\t\t\t\t\t\t\r\n\t\t\t\t\t\t\t\t\r\n\t\t\t\t\t\t\t\r\n\t\t\t\t\t\t<\/div><!-- .dslc-blog-post -->\r\n\r\n\t\t\t\t\t\t\r\n\t\t\t\t\t\t<div class=\"dslc-post-separator\"><\/div>\r\n\t<div class=\"dslc-post dslc-blog-post dslc-col dslc-12-col  dslc-last-col dslc-post-format-standard\" data-cats=\"destaques home noticia ultimas-noticias \">\r\n\r\n\t\r\n\t\t\t\t\t\t\t\t\r\n\t\t\t\t\t\t\t\t\t<div class=\"dslc-blog-post-thumb dslc-post-thumb dslc-on-hover-anim\">\r\n\r\n\t\t\t\t\t\t\t\t\t\t\r\n\t\t\t\t\t\t\t\t\t\t\t<div class=\"dslc-blog-post-thumb-inner dslca-post-thumb\">\r\n\t\t\t\t\t\t\t\t\t\t\t\t\r\n\t\t\t\t\t\t\t\t\t\t\t\t\t\t\t\t\t\t\t\t\t\t\t\t\t<a href=\"https:\/\/cnr.org.br\/site\/resolucao-cnj-no-696-que-dispoe-sobre-os-concursos-publicos-de-provas-e-titulos-para-a-outorga-das-delegacoes-de-notas-e-de-registro-e-revoga-a-resolucao-cnj-no-81-2009\/\" class=\"\"><img loading=\"lazy\" decoding=\"async\" width=\"1366\" height=\"768\" src=\"https:\/\/cnr.org.br\/site\/wp-content\/uploads\/2026\/09\/resolucao-cnj-696.png\" class=\"attachment-full size-full wp-post-image\" alt=\"\" title=\"resolu\u00e7\u00e3o cnj 696\" srcset=\"https:\/\/cnr.org.br\/site\/wp-content\/uploads\/2026\/09\/resolucao-cnj-696.png 1366w, https:\/\/cnr.org.br\/site\/wp-content\/uploads\/2026\/09\/resolucao-cnj-696-300x169.png 300w, https:\/\/cnr.org.br\/site\/wp-content\/uploads\/2026\/09\/resolucao-cnj-696-1024x576.png 1024w, https:\/\/cnr.org.br\/site\/wp-content\/uploads\/2026\/09\/resolucao-cnj-696-768x432.png 768w\" sizes=\"auto, (max-width: 1366px) 100vw, 1366px\" \/><\/a>\r\n\t\t\t\t\t\t\t\t\t\t\t\t\t\t\t\t\t\t\t\t\t\t\t<\/div><!-- .dslc-blog-post-thumb-inner -->\r\n\r\n\t\t\t\t\t\t\t\t\t\t\r\n\t\t\t\t\t\t\t\t\t\t\r\n\t\t\t\t\t\t\t\t\t<\/div><!-- .dslc-blog-post-thumb -->\r\n\r\n\t\t\t\t\t\t\t\t\r\n\t\t\t\t\t\t\t\r\n\t\t\t\t\t\t\t\r\n\t\t\t\t\t\t\t\t<div class=\"dslc-post-main dslc-blog-post-main\">\r\n\r\n\t\t\t\t\t\t\t\t\t\r\n\t\t\t\t\t\t\t\t\t\r\n\t\t\t\t\t\t\t\t\t\t<div class=\"dslc-blog-post-title\">\r\n\t\t\t\t\t\t\t\t\t\t\t<h2><a href=\"https:\/\/cnr.org.br\/site\/resolucao-cnj-no-696-que-dispoe-sobre-os-concursos-publicos-de-provas-e-titulos-para-a-outorga-das-delegacoes-de-notas-e-de-registro-e-revoga-a-resolucao-cnj-no-81-2009\/\">Resolu\u00e7\u00e3o CNJ N\u00ba 696 que Disp\u00f5e sobre os concursos p\u00fablicos de provas e t\u00edtulos para a outorga das Delega\u00e7\u00f5es de Notas e de Registro e revoga a Resolu\u00e7\u00e3o CNJ n\u00ba 81\/2009<\/a><\/h2>\r\n\t\t\t\t\t\t\t\t\t\t<\/div><!-- .dslc-blog-post-title -->\r\n\r\n\t\t\t\t\t\t\t\t\t\r\n\t\t\t\t\t\t\t\t\t\r\n\t\t\t\t\t\t\t\t\t\r\n\t\t\t\t\t\t\t\t\t\t<div class=\"dslc-blog-post-excerpt\">\r\n\t\t\t\t\t\t\t\t\t\t\t\t\t\t\t\t\t\t\t\t\t\t\tDisp\u00f5e sobre os concursos p\u00fablicos de provas e t\u00edtulos para a outorga das Delega\u00e7\u00f5es\u00a0de Notas e de Registro e revoga a Resolu\u00e7\u00e3o CNJ n\u00ba 81\/2009 O PRESIDENTE DO CONSELHO NACIONAL DE JUSTI\u00c7A, no uso de suas atribui\u00e7\u00f5es constitucionais e regimentais, especialmente as previstas nos\u00a0arts. 6\u00ba e 102 do Regimento Interno do Conselho Nacional de Justi\u00e7a, de 3 de mar\u00e7o de 2009, e tendo em vista o que consta no processo SEI\/CNJ n\u00ba 08524\/2026 e no&hellip;\t\t\t\t\t\t\t\t\t\t\t\t\t\t\t\t\t\t\t\t\t<\/div><!-- .dslc-blog-post-excerpt -->\r\n\r\n\t\t\t\t\t\t\t\t\t\r\n\t\t\t\t\t\t\t\t\t\r\n\t\t\t\t\t\t\t\t\t\t<div class=\"dslc-blog-post-read-more\">\r\n\t\t\t\t\t\t\t\t\t\t\t<a href=\"https:\/\/cnr.org.br\/site\/resolucao-cnj-no-696-que-dispoe-sobre-os-concursos-publicos-de-provas-e-titulos-para-a-outorga-das-delegacoes-de-notas-e-de-registro-e-revoga-a-resolucao-cnj-no-81-2009\/\">\r\n\t\t\t\t\t\t\t\t\t\t\t\t\t\t\t\t\t\t\t\t\t\t\t\t\t<span class=\"dslc-icon dslc-icon-\"><\/span>\t\r\n\t\t\t\t\t\t\t\t\t\t\t\t\t\t\t\t\t\t\t\t\t\t\t\tLeia mais\t\t\t\t\t\t\t\t\t\t\t<\/a>\r\n\t\t\t\t\t\t\t\t\t\t<\/div><!-- .dslc-blog-post-read-more -->\r\n\r\n\t\t\t\t\t\t\t\t\t\r\n\t\t\t\t\t\t\t\t<\/div><!-- .blog-post-main -->\r\n\r\n\t\t\t\t\t\t\t\t\r\n\t\t\t\t\t\t\t\t\r\n\t\t\t\t\t\t\t\r\n\t\t\t\t\t\t<\/div><!-- .dslc-blog-post -->\r\n\r\n\t\t\t\t\t\t\r\n\t\t\t\t\t\t<div class=\"dslc-post-separator\"><\/div>\r\n\t<div class=\"dslc-post dslc-blog-post dslc-col dslc-12-col  dslc-last-col dslc-post-format-standard\" data-cats=\"destaques home noticia ultimas-noticias \">\r\n\r\n\t\r\n\t\t\t\t\t\t\t\t\r\n\t\t\t\t\t\t\t\t\t<div class=\"dslc-blog-post-thumb dslc-post-thumb dslc-on-hover-anim\">\r\n\r\n\t\t\t\t\t\t\t\t\t\t\r\n\t\t\t\t\t\t\t\t\t\t\t<div class=\"dslc-blog-post-thumb-inner dslca-post-thumb\">\r\n\t\t\t\t\t\t\t\t\t\t\t\t\r\n\t\t\t\t\t\t\t\t\t\t\t\t\t\t\t\t\t\t\t\t\t\t\t\t\t<a href=\"https:\/\/cnr.org.br\/site\/provimento-cnj-no-255-que-institui-a-consolidacao-nacional-da-execucao-efetiva-e-dispoe-sobre-a-politica-nacional-de-execucao-efetiva\/\" class=\"\"><img loading=\"lazy\" decoding=\"async\" width=\"1366\" height=\"768\" src=\"https:\/\/cnr.org.br\/site\/wp-content\/uploads\/2026\/09\/2.png\" class=\"attachment-full size-full wp-post-image\" alt=\"\" title=\"2\" srcset=\"https:\/\/cnr.org.br\/site\/wp-content\/uploads\/2026\/09\/2.png 1366w, https:\/\/cnr.org.br\/site\/wp-content\/uploads\/2026\/09\/2-300x169.png 300w, https:\/\/cnr.org.br\/site\/wp-content\/uploads\/2026\/09\/2-1024x576.png 1024w, https:\/\/cnr.org.br\/site\/wp-content\/uploads\/2026\/09\/2-768x432.png 768w\" sizes=\"auto, (max-width: 1366px) 100vw, 1366px\" \/><\/a>\r\n\t\t\t\t\t\t\t\t\t\t\t\t\t\t\t\t\t\t\t\t\t\t\t<\/div><!-- .dslc-blog-post-thumb-inner -->\r\n\r\n\t\t\t\t\t\t\t\t\t\t\r\n\t\t\t\t\t\t\t\t\t\t\r\n\t\t\t\t\t\t\t\t\t<\/div><!-- .dslc-blog-post-thumb -->\r\n\r\n\t\t\t\t\t\t\t\t\r\n\t\t\t\t\t\t\t\r\n\t\t\t\t\t\t\t\r\n\t\t\t\t\t\t\t\t<div class=\"dslc-post-main dslc-blog-post-main\">\r\n\r\n\t\t\t\t\t\t\t\t\t\r\n\t\t\t\t\t\t\t\t\t\r\n\t\t\t\t\t\t\t\t\t\t<div class=\"dslc-blog-post-title\">\r\n\t\t\t\t\t\t\t\t\t\t\t<h2><a href=\"https:\/\/cnr.org.br\/site\/provimento-cnj-no-255-que-institui-a-consolidacao-nacional-da-execucao-efetiva-e-dispoe-sobre-a-politica-nacional-de-execucao-efetiva\/\">Provimento CNJ N\u00ba 255 que institui a Consolida\u00e7\u00e3o Nacional da Execu\u00e7\u00e3o Efetiva e disp\u00f5e sobre a Pol\u00edtica Nacional de Execu\u00e7\u00e3o Efetiva<\/a><\/h2>\r\n\t\t\t\t\t\t\t\t\t\t<\/div><!-- .dslc-blog-post-title -->\r\n\r\n\t\t\t\t\t\t\t\t\t\r\n\t\t\t\t\t\t\t\t\t\r\n\t\t\t\t\t\t\t\t\t\r\n\t\t\t\t\t\t\t\t\t\t<div class=\"dslc-blog-post-excerpt\">\r\n\t\t\t\t\t\t\t\t\t\t\t\t\t\t\t\t\t\t\t\t\t\t\tInstitui a Consolida\u00e7\u00e3o Nacional da Execu\u00e7\u00e3o Efetiva e disp\u00f5e sobre a Pol\u00edtica Nacional de Execu\u00e7\u00e3o Efetiva, a governan\u00e7a da execu\u00e7\u00e3o, a pesquisa patrimonial, a reuni\u00e3o de execu\u00e7\u00f5es, a solu\u00e7\u00e3o consensual, as aliena\u00e7\u00f5es judiciais, a transforma\u00e7\u00e3o digital da execu\u00e7\u00e3o, o Banco Nacional de Penhoras, a inova\u00e7\u00e3o, a capacita\u00e7\u00e3o e o monitoramento da execu\u00e7\u00e3o judicial e extrajudicial no \u00e2mbito do Poder Judici\u00e1rio. &nbsp; O\u00a0CORREGEDOR NACIONAL DE JUSTI\u00c7A, no uso de suas atribui\u00e7\u00f5es constitucionais e regimentais; CONSIDERANDO\u00a0o\u00a0art. 103-B,&hellip;\t\t\t\t\t\t\t\t\t\t\t\t\t\t\t\t\t\t\t\t\t<\/div><!-- .dslc-blog-post-excerpt -->\r\n\r\n\t\t\t\t\t\t\t\t\t\r\n\t\t\t\t\t\t\t\t\t\r\n\t\t\t\t\t\t\t\t\t\t<div class=\"dslc-blog-post-read-more\">\r\n\t\t\t\t\t\t\t\t\t\t\t<a href=\"https:\/\/cnr.org.br\/site\/provimento-cnj-no-255-que-institui-a-consolidacao-nacional-da-execucao-efetiva-e-dispoe-sobre-a-politica-nacional-de-execucao-efetiva\/\">\r\n\t\t\t\t\t\t\t\t\t\t\t\t\t\t\t\t\t\t\t\t\t\t\t\t\t<span class=\"dslc-icon dslc-icon-\"><\/span>\t\r\n\t\t\t\t\t\t\t\t\t\t\t\t\t\t\t\t\t\t\t\t\t\t\t\tLeia mais\t\t\t\t\t\t\t\t\t\t\t<\/a>\r\n\t\t\t\t\t\t\t\t\t\t<\/div><!-- .dslc-blog-post-read-more -->\r\n\r\n\t\t\t\t\t\t\t\t\t\r\n\t\t\t\t\t\t\t\t<\/div><!-- .blog-post-main -->\r\n\r\n\t\t\t\t\t\t\t\t\r\n\t\t\t\t\t\t\t\t\r\n\t\t\t\t\t\t\t\r\n\t\t\t\t\t\t<\/div><!-- .dslc-blog-post -->\r\n\r\n\t\t\t\t\t\t\r\n\t\t\t\t\t\t<div class=\"dslc-post-separator\"><\/div>\r\n\t<div class=\"dslc-post dslc-blog-post dslc-col dslc-12-col  dslc-last-col dslc-post-format-standard\" data-cats=\"destaques home noticia ultimas-noticias \">\r\n\r\n\t\r\n\t\t\t\t\t\t\t\t\r\n\t\t\t\t\t\t\t\t\t<div class=\"dslc-blog-post-thumb dslc-post-thumb dslc-on-hover-anim\">\r\n\r\n\t\t\t\t\t\t\t\t\t\t\r\n\t\t\t\t\t\t\t\t\t\t\t<div class=\"dslc-blog-post-thumb-inner dslca-post-thumb\">\r\n\t\t\t\t\t\t\t\t\t\t\t\t\r\n\t\t\t\t\t\t\t\t\t\t\t\t\t\t\t\t\t\t\t\t\t\t\t\t\t<a href=\"https:\/\/cnr.org.br\/site\/sinoreg-mg-realiza-assembleia-e-anuncia-por-aclamacao-nova-diretoria-e-conselho-fiscal\/\" class=\"\"><img loading=\"lazy\" decoding=\"async\" width=\"291\" height=\"67\" src=\"https:\/\/cnr.org.br\/site\/wp-content\/uploads\/2023\/07\/logo-sinoreg-mg.png\" class=\"attachment-full size-full wp-post-image\" alt=\"\" title=\"logo-sinoreg-mg\" \/><\/a>\r\n\t\t\t\t\t\t\t\t\t\t\t\t\t\t\t\t\t\t\t\t\t\t\t<\/div><!-- .dslc-blog-post-thumb-inner -->\r\n\r\n\t\t\t\t\t\t\t\t\t\t\r\n\t\t\t\t\t\t\t\t\t\t\r\n\t\t\t\t\t\t\t\t\t<\/div><!-- .dslc-blog-post-thumb -->\r\n\r\n\t\t\t\t\t\t\t\t\r\n\t\t\t\t\t\t\t\r\n\t\t\t\t\t\t\t\r\n\t\t\t\t\t\t\t\t<div class=\"dslc-post-main dslc-blog-post-main\">\r\n\r\n\t\t\t\t\t\t\t\t\t\r\n\t\t\t\t\t\t\t\t\t\r\n\t\t\t\t\t\t\t\t\t\t<div class=\"dslc-blog-post-title\">\r\n\t\t\t\t\t\t\t\t\t\t\t<h2><a href=\"https:\/\/cnr.org.br\/site\/sinoreg-mg-realiza-assembleia-e-anuncia-por-aclamacao-nova-diretoria-e-conselho-fiscal\/\">SINOREG-MG realiza assembleia e anuncia, por aclama\u00e7\u00e3o, nova diretoria e conselho fiscal<\/a><\/h2>\r\n\t\t\t\t\t\t\t\t\t\t<\/div><!-- .dslc-blog-post-title -->\r\n\r\n\t\t\t\t\t\t\t\t\t\r\n\t\t\t\t\t\t\t\t\t\r\n\t\t\t\t\t\t\t\t\t\r\n\t\t\t\t\t\t\t\t\t\t<div class=\"dslc-blog-post-excerpt\">\r\n\t\t\t\t\t\t\t\t\t\t\t\t\t\t\t\t\t\t\t\t\t\t\tO Sindicato dos Not\u00e1rios e Registradores de Minas Gerais (SINOREG-MG) realizou, nesta segunda-feira (31\/08), assembleia geral para anunciar a elei\u00e7\u00e3o da nova diretoria da entidade. A reuni\u00e3o ocorreu \u00e0s 14h00, em primeira convoca\u00e7\u00e3o, e \u00e0s 14h30, em segunda convoca\u00e7\u00e3o, com a elei\u00e7\u00e3o da nova gest\u00e3o por aclama\u00e7\u00e3o. Na abertura, a presidente Walqu\u00edria Rabelo destacou a import\u00e2ncia da uni\u00e3o e do fortalecimento institucional da categoria. Entre as propostas apresentadas est\u00e3o a moderniza\u00e7\u00e3o do Sindicato, a amplia\u00e7\u00e3o&hellip;\t\t\t\t\t\t\t\t\t\t\t\t\t\t\t\t\t\t\t\t\t<\/div><!-- .dslc-blog-post-excerpt -->\r\n\r\n\t\t\t\t\t\t\t\t\t\r\n\t\t\t\t\t\t\t\t\t\r\n\t\t\t\t\t\t\t\t\t\t<div class=\"dslc-blog-post-read-more\">\r\n\t\t\t\t\t\t\t\t\t\t\t<a href=\"https:\/\/cnr.org.br\/site\/sinoreg-mg-realiza-assembleia-e-anuncia-por-aclamacao-nova-diretoria-e-conselho-fiscal\/\">\r\n\t\t\t\t\t\t\t\t\t\t\t\t\t\t\t\t\t\t\t\t\t\t\t\t\t<span class=\"dslc-icon dslc-icon-\"><\/span>\t\r\n\t\t\t\t\t\t\t\t\t\t\t\t\t\t\t\t\t\t\t\t\t\t\t\tLeia mais\t\t\t\t\t\t\t\t\t\t\t<\/a>\r\n\t\t\t\t\t\t\t\t\t\t<\/div><!-- .dslc-blog-post-read-more -->\r\n\r\n\t\t\t\t\t\t\t\t\t\r\n\t\t\t\t\t\t\t\t<\/div><!-- .blog-post-main -->\r\n\r\n\t\t\t\t\t\t\t\t\r\n\t\t\t\t\t\t\t\t\r\n\t\t\t\t\t\t\t\r\n\t\t\t\t\t\t<\/div><!-- .dslc-blog-post -->\r\n\r\n\t\t\t\t\t\t\r\n\t\t\t\t\t\t<div class=\"dslc-post-separator\"><\/div>\r\n\t<div class=\"dslc-post dslc-blog-post dslc-col dslc-12-col  dslc-last-col dslc-post-format-standard\" data-cats=\"destaques home noticia ultimas-noticias \">\r\n\r\n\t\r\n\t\t\t\t\t\t\t\t\r\n\t\t\t\t\t\t\t\t\t<div class=\"dslc-blog-post-thumb dslc-post-thumb dslc-on-hover-anim\">\r\n\r\n\t\t\t\t\t\t\t\t\t\t\r\n\t\t\t\t\t\t\t\t\t\t\t<div class=\"dslc-blog-post-thumb-inner dslca-post-thumb\">\r\n\t\t\t\t\t\t\t\t\t\t\t\t\r\n\t\t\t\t\t\t\t\t\t\t\t\t\t\t\t\t\t\t\t\t\t\t\t\t\t<a href=\"https:\/\/cnr.org.br\/site\/senado-aprova-prazo-de-cinco-anos-para-sancoes-administrativas-contra-notarios\/\" class=\"\"><img loading=\"lazy\" decoding=\"async\" width=\"880\" height=\"504\" src=\"https:\/\/cnr.org.br\/site\/wp-content\/uploads\/2024\/05\/https__img.migalhas.com_.br__SL__gf_base__SL__empresas__SL__MIGA__SL__imagens__SL__2024__SL__05__SL__21__SL__cffabd6c-188f-4490-9032-34b5d469e3b6.jpg._PROC_CP65.jpg\" class=\"attachment-full size-full wp-post-image\" alt=\"\" title=\"https__img.migalhas.com.br__SL__gf_base__SL__empresas__SL__MIGA__SL__imagens__SL__2024__SL__05__SL__21__SL__cffabd6c-188f-4490-9032-34b5d469e3b6.jpg._PROC_CP65\" srcset=\"https:\/\/cnr.org.br\/site\/wp-content\/uploads\/2024\/05\/https__img.migalhas.com_.br__SL__gf_base__SL__empresas__SL__MIGA__SL__imagens__SL__2024__SL__05__SL__21__SL__cffabd6c-188f-4490-9032-34b5d469e3b6.jpg._PROC_CP65.jpg 880w, https:\/\/cnr.org.br\/site\/wp-content\/uploads\/2024\/05\/https__img.migalhas.com_.br__SL__gf_base__SL__empresas__SL__MIGA__SL__imagens__SL__2024__SL__05__SL__21__SL__cffabd6c-188f-4490-9032-34b5d469e3b6.jpg._PROC_CP65-300x172.jpg 300w, https:\/\/cnr.org.br\/site\/wp-content\/uploads\/2024\/05\/https__img.migalhas.com_.br__SL__gf_base__SL__empresas__SL__MIGA__SL__imagens__SL__2024__SL__05__SL__21__SL__cffabd6c-188f-4490-9032-34b5d469e3b6.jpg._PROC_CP65-768x440.jpg 768w\" sizes=\"auto, (max-width: 880px) 100vw, 880px\" \/><\/a>\r\n\t\t\t\t\t\t\t\t\t\t\t\t\t\t\t\t\t\t\t\t\t\t\t<\/div><!-- .dslc-blog-post-thumb-inner -->\r\n\r\n\t\t\t\t\t\t\t\t\t\t\r\n\t\t\t\t\t\t\t\t\t\t\r\n\t\t\t\t\t\t\t\t\t<\/div><!-- .dslc-blog-post-thumb -->\r\n\r\n\t\t\t\t\t\t\t\t\r\n\t\t\t\t\t\t\t\r\n\t\t\t\t\t\t\t\r\n\t\t\t\t\t\t\t\t<div class=\"dslc-post-main dslc-blog-post-main\">\r\n\r\n\t\t\t\t\t\t\t\t\t\r\n\t\t\t\t\t\t\t\t\t\r\n\t\t\t\t\t\t\t\t\t\t<div class=\"dslc-blog-post-title\">\r\n\t\t\t\t\t\t\t\t\t\t\t<h2><a href=\"https:\/\/cnr.org.br\/site\/senado-aprova-prazo-de-cinco-anos-para-sancoes-administrativas-contra-notarios\/\">Senado aprova prazo de cinco anos para san\u00e7\u00f5es administrativas contra not\u00e1rios<\/a><\/h2>\r\n\t\t\t\t\t\t\t\t\t\t<\/div><!-- .dslc-blog-post-title -->\r\n\r\n\t\t\t\t\t\t\t\t\t\r\n\t\t\t\t\t\t\t\t\t\r\n\t\t\t\t\t\t\t\t\t\r\n\t\t\t\t\t\t\t\t\t\t<div class=\"dslc-blog-post-excerpt\">\r\n\t\t\t\t\t\t\t\t\t\t\t\t\t\t\t\t\t\t\t\t\t\t\tO Plen\u00e1rio do Senado aprovou nesta ter\u00e7a-feira (1\u00b0) o\u00a0PL 3.453\/2024, projeto de lei que estabelece prazo de cinco anos para a aplica\u00e7\u00e3o de san\u00e7\u00f5es administrativas contra not\u00e1rios e registradores. A mat\u00e9ria segue para a san\u00e7\u00e3o da Presid\u00eancia da Rep\u00fablica. A proposta, de autoria do deputado federal\u00a0Felipe Carreras (PSB-PE), foi aprovada pelo Senado sem altera\u00e7\u00f5es em rela\u00e7\u00e3o ao texto que passou na C\u00e2mara dos Deputados no final de abril. Para determinar que a a\u00e7\u00e3o para a&hellip;\t\t\t\t\t\t\t\t\t\t\t\t\t\t\t\t\t\t\t\t\t<\/div><!-- .dslc-blog-post-excerpt -->\r\n\r\n\t\t\t\t\t\t\t\t\t\r\n\t\t\t\t\t\t\t\t\t\r\n\t\t\t\t\t\t\t\t\t\t<div class=\"dslc-blog-post-read-more\">\r\n\t\t\t\t\t\t\t\t\t\t\t<a href=\"https:\/\/cnr.org.br\/site\/senado-aprova-prazo-de-cinco-anos-para-sancoes-administrativas-contra-notarios\/\">\r\n\t\t\t\t\t\t\t\t\t\t\t\t\t\t\t\t\t\t\t\t\t\t\t\t\t<span class=\"dslc-icon dslc-icon-\"><\/span>\t\r\n\t\t\t\t\t\t\t\t\t\t\t\t\t\t\t\t\t\t\t\t\t\t\t\tLeia mais\t\t\t\t\t\t\t\t\t\t\t<\/a>\r\n\t\t\t\t\t\t\t\t\t\t<\/div><!-- .dslc-blog-post-read-more -->\r\n\r\n\t\t\t\t\t\t\t\t\t\r\n\t\t\t\t\t\t\t\t<\/div><!-- .blog-post-main -->\r\n\r\n\t\t\t\t\t\t\t\t\r\n\t\t\t\t\t\t\t\t\r\n\t\t\t\t\t\t\t\r\n\t\t\t\t\t\t<\/div><!-- .dslc-blog-post -->\r\n\r\n\t\t\t\t\t\t\r\n\t\t\t\t\t\t<div class=\"dslc-post-separator\"><\/div>\r\n\t<div class=\"dslc-post dslc-blog-post dslc-col dslc-12-col  dslc-last-col dslc-post-format-standard\" data-cats=\"destaques home noticia ultimas-noticias \">\r\n\r\n\t\r\n\t\t\t\t\t\t\t\t\r\n\t\t\t\t\t\t\t\t\t<div class=\"dslc-blog-post-thumb dslc-post-thumb dslc-on-hover-anim\">\r\n\r\n\t\t\t\t\t\t\t\t\t\t\r\n\t\t\t\t\t\t\t\t\t\t\t<div class=\"dslc-blog-post-thumb-inner dslca-post-thumb\">\r\n\t\t\t\t\t\t\t\t\t\t\t\t\r\n\t\t\t\t\t\t\t\t\t\t\t\t\t\t\t\t\t\t\t\t\t\t\t\t\t<a href=\"https:\/\/cnr.org.br\/site\/4o-exame-nacional-dos-cartorios-abre-inscricoes\/\" class=\"\"><img loading=\"lazy\" decoding=\"async\" width=\"900\" height=\"600\" src=\"https:\/\/cnr.org.br\/site\/wp-content\/uploads\/2024\/10\/caneta-prova-concurso.jpg\" class=\"attachment-full size-full wp-post-image\" alt=\"\" title=\"caneta-prova-concurso\" srcset=\"https:\/\/cnr.org.br\/site\/wp-content\/uploads\/2024\/10\/caneta-prova-concurso.jpg 900w, https:\/\/cnr.org.br\/site\/wp-content\/uploads\/2024\/10\/caneta-prova-concurso-300x200.jpg 300w, https:\/\/cnr.org.br\/site\/wp-content\/uploads\/2024\/10\/caneta-prova-concurso-768x512.jpg 768w, https:\/\/cnr.org.br\/site\/wp-content\/uploads\/2024\/10\/caneta-prova-concurso-435x290.jpg 435w, https:\/\/cnr.org.br\/site\/wp-content\/uploads\/2024\/10\/caneta-prova-concurso-150x100.jpg 150w, https:\/\/cnr.org.br\/site\/wp-content\/uploads\/2024\/10\/caneta-prova-concurso-370x247.jpg 370w\" sizes=\"auto, (max-width: 900px) 100vw, 900px\" \/><\/a>\r\n\t\t\t\t\t\t\t\t\t\t\t\t\t\t\t\t\t\t\t\t\t\t\t<\/div><!-- .dslc-blog-post-thumb-inner -->\r\n\r\n\t\t\t\t\t\t\t\t\t\t\r\n\t\t\t\t\t\t\t\t\t\t\r\n\t\t\t\t\t\t\t\t\t<\/div><!-- .dslc-blog-post-thumb -->\r\n\r\n\t\t\t\t\t\t\t\t\r\n\t\t\t\t\t\t\t\r\n\t\t\t\t\t\t\t\r\n\t\t\t\t\t\t\t\t<div class=\"dslc-post-main dslc-blog-post-main\">\r\n\r\n\t\t\t\t\t\t\t\t\t\r\n\t\t\t\t\t\t\t\t\t\r\n\t\t\t\t\t\t\t\t\t\t<div class=\"dslc-blog-post-title\">\r\n\t\t\t\t\t\t\t\t\t\t\t<h2><a href=\"https:\/\/cnr.org.br\/site\/4o-exame-nacional-dos-cartorios-abre-inscricoes\/\">4\u00ba Exame Nacional dos Cart\u00f3rios abre inscri\u00e7\u00f5es<\/a><\/h2>\r\n\t\t\t\t\t\t\t\t\t\t<\/div><!-- .dslc-blog-post-title -->\r\n\r\n\t\t\t\t\t\t\t\t\t\r\n\t\t\t\t\t\t\t\t\t\r\n\t\t\t\t\t\t\t\t\t\r\n\t\t\t\t\t\t\t\t\t\t<div class=\"dslc-blog-post-excerpt\">\r\n\t\t\t\t\t\t\t\t\t\t\t\t\t\t\t\t\t\t\t\t\t\t\tEst\u00e3o abertas, a partir desta segunda-feira (31\/8), as inscri\u00e7\u00f5es para o 4\u00ba Exame Nacional dos Cart\u00f3rios (Enac), promovido pelo Conselho Nacional de Justi\u00e7a (CNJ) em parceria com a Funda\u00e7\u00e3o Getulio Vargas (FGV). Os interessados t\u00eam at\u00e9 as 16h de 29 de setembro para se inscrever, por meio do portal da FGV. O Enac \u00e9 requisito para quem pretende participar de concursos p\u00fablicos para outorga de delega\u00e7\u00f5es de servi\u00e7os notariais e de registro promovidos pelos tribunais&hellip;\t\t\t\t\t\t\t\t\t\t\t\t\t\t\t\t\t\t\t\t\t<\/div><!-- .dslc-blog-post-excerpt -->\r\n\r\n\t\t\t\t\t\t\t\t\t\r\n\t\t\t\t\t\t\t\t\t\r\n\t\t\t\t\t\t\t\t\t\t<div class=\"dslc-blog-post-read-more\">\r\n\t\t\t\t\t\t\t\t\t\t\t<a href=\"https:\/\/cnr.org.br\/site\/4o-exame-nacional-dos-cartorios-abre-inscricoes\/\">\r\n\t\t\t\t\t\t\t\t\t\t\t\t\t\t\t\t\t\t\t\t\t\t\t\t\t<span class=\"dslc-icon dslc-icon-\"><\/span>\t\r\n\t\t\t\t\t\t\t\t\t\t\t\t\t\t\t\t\t\t\t\t\t\t\t\tLeia mais\t\t\t\t\t\t\t\t\t\t\t<\/a>\r\n\t\t\t\t\t\t\t\t\t\t<\/div><!-- .dslc-blog-post-read-more -->\r\n\r\n\t\t\t\t\t\t\t\t\t\r\n\t\t\t\t\t\t\t\t<\/div><!-- .blog-post-main -->\r\n\r\n\t\t\t\t\t\t\t\t\r\n\t\t\t\t\t\t\t\t\r\n\t\t\t\t\t\t\t\r\n\t\t\t\t\t\t<\/div><!-- .dslc-blog-post -->\r\n\r\n\t\t\t\t\t\t\r\n\t\t\t\t\t\t<\/div><!-- .dslc-posts-inner -->\r\n\t\t\t\r\n\t\t\t\r\n\t<\/div><!-- .dslc-blog-posts -->\t\t<div class=\"dslc-pagination dslc-pagination-type-numbered\">\r\n\t\t\t<ul class=\"dslc-clearfix\">\r\n\t\t\t\t<li class='dslc-active'><a href='https:\/\/cnr.org.br\/site\/wp-json\/wp\/v2\/pages\/88780\/'>1<\/a><\/li><li class='dslc-inactive'><a class='inactive' href='https:\/\/cnr.org.br\/site\/wp-json\/wp\/v2\/pages\/88780\/page\/2\/'>2<\/a><\/li><li class='dslc-inactive'><a class='inactive' href='https:\/\/cnr.org.br\/site\/wp-json\/wp\/v2\/pages\/88780\/page\/3\/'>3<\/a><\/li><li class='dslc-inactive'><a href='https:\/\/cnr.org.br\/site\/wp-json\/wp\/v2\/pages\/88780\/page\/2\/'>&rsaquo;<\/a><\/li><li class='dslc-inactive'><a href='https:\/\/cnr.org.br\/site\/wp-json\/wp\/v2\/pages\/88780\/page\/3760\/'>&raquo;<\/a><\/li>\t\t\t<\/ul>\r\n\r\n\t\t\t\r\n\t\t<\/div><!-- .dslc-pagination --><\/div>\n<p><!-- .dslc-module -->\n\t\t<\/div>\n<\/div>\n<\/div>\n<\/div>\n<\/div><\/div>","protected":false},"excerpt":{"rendered":"<p>NOT\u00cdCIAS - CNR<\/p>\n","protected":false},"author":8,"featured_media":0,"parent":0,"menu_order":0,"comment_status":"closed","ping_status":"closed","template":"","meta":{"footnotes":"","_links_to":"","_links_to_target":""},"class_list":["post-88780","page","type-page","status-publish","hentry"],"yoast_head":"<!-- This site is optimized with the Yoast SEO plugin v28.4 - https:\/\/yoast.com\/product\/yoast-seo-wordpress\/ -->\n<title>Not\u00edcias - CNR<\/title>\n<meta name=\"robots\" content=\"index, follow, max-snippet:-1, max-image-preview:large, max-video-preview:-1\" \/>\n<link rel=\"canonical\" href=\"https:\/\/cnr.org.br\/novoportal\/noticias\/\" \/>\n<meta property=\"og:locale\" content=\"pt_BR\" \/>\n<meta property=\"og:type\" content=\"article\" \/>\n<meta property=\"og:title\" content=\"Not\u00edcias - CNR\" \/>\n<meta property=\"og:description\" content=\"NOT\u00cdCIAS - CNR\" \/>\n<meta property=\"og:url\" content=\"https:\/\/cnr.org.br\/novoportal\/noticias\/\" \/>\n<meta property=\"og:site_name\" content=\"CNR\" \/>\n<meta name=\"twitter:card\" content=\"summary_large_image\" \/>\n<script type=\"application\/ld+json\" class=\"yoast-schema-graph\">{\"@context\":\"https:\\\/\\\/schema.org\",\"@graph\":[{\"@type\":\"WebPage\",\"@id\":\"https:\\\/\\\/cnr.org.br\\\/novoportal\\\/noticias\\\/\",\"url\":\"https:\\\/\\\/cnr.org.br\\\/novoportal\\\/noticias\\\/\",\"name\":\"Not\u00edcias - CNR\",\"isPartOf\":{\"@id\":\"https:\\\/\\\/cnr.org.br\\\/novoportal\\\/#website\"},\"datePublished\":\"2025-05-26T15:25:56+00:00\",\"breadcrumb\":{\"@id\":\"https:\\\/\\\/cnr.org.br\\\/novoportal\\\/noticias\\\/#breadcrumb\"},\"inLanguage\":\"pt-BR\",\"potentialAction\":[{\"@type\":\"ReadAction\",\"target\":[\"https:\\\/\\\/cnr.org.br\\\/novoportal\\\/noticias\\\/\"]}]},{\"@type\":\"BreadcrumbList\",\"@id\":\"https:\\\/\\\/cnr.org.br\\\/novoportal\\\/noticias\\\/#breadcrumb\",\"itemListElement\":[{\"@type\":\"ListItem\",\"position\":1,\"name\":\"In\u00edcio\",\"item\":\"https:\\\/\\\/cnr.org.br\\\/site\\\/\"},{\"@type\":\"ListItem\",\"position\":2,\"name\":\"Not\u00edcias\"}]},{\"@type\":\"WebSite\",\"@id\":\"https:\\\/\\\/cnr.org.br\\\/novoportal\\\/#website\",\"url\":\"https:\\\/\\\/cnr.org.br\\\/novoportal\\\/\",\"name\":\"CNR\",\"description\":\"Confedera\u00e7\u00e3o Nacional de Not\u00e1rios e Registradores\",\"publisher\":{\"@id\":\"https:\\\/\\\/cnr.org.br\\\/novoportal\\\/#organization\"},\"potentialAction\":[{\"@type\":\"SearchAction\",\"target\":{\"@type\":\"EntryPoint\",\"urlTemplate\":\"https:\\\/\\\/cnr.org.br\\\/novoportal\\\/?s={search_term_string}\"},\"query-input\":{\"@type\":\"PropertyValueSpecification\",\"valueRequired\":true,\"valueName\":\"search_term_string\"}}],\"inLanguage\":\"pt-BR\"},{\"@type\":\"Organization\",\"@id\":\"https:\\\/\\\/cnr.org.br\\\/novoportal\\\/#organization\",\"name\":\"CNR\",\"url\":\"https:\\\/\\\/cnr.org.br\\\/novoportal\\\/\",\"logo\":{\"@type\":\"ImageObject\",\"inLanguage\":\"pt-BR\",\"@id\":\"https:\\\/\\\/cnr.org.br\\\/novoportal\\\/#\\\/schema\\\/logo\\\/image\\\/\",\"url\":\"https:\\\/\\\/cnr.org.br\\\/site\\\/wp-content\\\/uploads\\\/2026\\\/02\\\/Logo_CNR_completa_colorida_2024.png\",\"contentUrl\":\"https:\\\/\\\/cnr.org.br\\\/site\\\/wp-content\\\/uploads\\\/2026\\\/02\\\/Logo_CNR_completa_colorida_2024.png\",\"width\":910,\"height\":450,\"caption\":\"CNR\"},\"image\":{\"@id\":\"https:\\\/\\\/cnr.org.br\\\/novoportal\\\/#\\\/schema\\\/logo\\\/image\\\/\"}}]}<\/script>\n<!-- \/ Yoast SEO plugin. -->","yoast_head_json":{"title":"Not\u00edcias - CNR","robots":{"index":"index","follow":"follow","max-snippet":"max-snippet:-1","max-image-preview":"max-image-preview:large","max-video-preview":"max-video-preview:-1"},"canonical":"https:\/\/cnr.org.br\/novoportal\/noticias\/","og_locale":"pt_BR","og_type":"article","og_title":"Not\u00edcias - CNR","og_description":"NOT\u00cdCIAS - CNR","og_url":"https:\/\/cnr.org.br\/novoportal\/noticias\/","og_site_name":"CNR","twitter_card":"summary_large_image","schema":{"@context":"https:\/\/schema.org","@graph":[{"@type":"WebPage","@id":"https:\/\/cnr.org.br\/novoportal\/noticias\/","url":"https:\/\/cnr.org.br\/novoportal\/noticias\/","name":"Not\u00edcias - CNR","isPartOf":{"@id":"https:\/\/cnr.org.br\/novoportal\/#website"},"datePublished":"2025-05-26T15:25:56+00:00","breadcrumb":{"@id":"https:\/\/cnr.org.br\/novoportal\/noticias\/#breadcrumb"},"inLanguage":"pt-BR","potentialAction":[{"@type":"ReadAction","target":["https:\/\/cnr.org.br\/novoportal\/noticias\/"]}]},{"@type":"BreadcrumbList","@id":"https:\/\/cnr.org.br\/novoportal\/noticias\/#breadcrumb","itemListElement":[{"@type":"ListItem","position":1,"name":"In\u00edcio","item":"https:\/\/cnr.org.br\/site\/"},{"@type":"ListItem","position":2,"name":"Not\u00edcias"}]},{"@type":"WebSite","@id":"https:\/\/cnr.org.br\/novoportal\/#website","url":"https:\/\/cnr.org.br\/novoportal\/","name":"CNR","description":"Confedera\u00e7\u00e3o Nacional de Not\u00e1rios e Registradores","publisher":{"@id":"https:\/\/cnr.org.br\/novoportal\/#organization"},"potentialAction":[{"@type":"SearchAction","target":{"@type":"EntryPoint","urlTemplate":"https:\/\/cnr.org.br\/novoportal\/?s={search_term_string}"},"query-input":{"@type":"PropertyValueSpecification","valueRequired":true,"valueName":"search_term_string"}}],"inLanguage":"pt-BR"},{"@type":"Organization","@id":"https:\/\/cnr.org.br\/novoportal\/#organization","name":"CNR","url":"https:\/\/cnr.org.br\/novoportal\/","logo":{"@type":"ImageObject","inLanguage":"pt-BR","@id":"https:\/\/cnr.org.br\/novoportal\/#\/schema\/logo\/image\/","url":"https:\/\/cnr.org.br\/site\/wp-content\/uploads\/2026\/02\/Logo_CNR_completa_colorida_2024.png","contentUrl":"https:\/\/cnr.org.br\/site\/wp-content\/uploads\/2026\/02\/Logo_CNR_completa_colorida_2024.png","width":910,"height":450,"caption":"CNR"},"image":{"@id":"https:\/\/cnr.org.br\/novoportal\/#\/schema\/logo\/image\/"}}]}},"_links":{"self":[{"href":"https:\/\/cnr.org.br\/site\/wp-json\/wp\/v2\/pages\/88780","targetHints":{"allow":["GET"]}}],"collection":[{"href":"https:\/\/cnr.org.br\/site\/wp-json\/wp\/v2\/pages"}],"about":[{"href":"https:\/\/cnr.org.br\/site\/wp-json\/wp\/v2\/types\/page"}],"author":[{"embeddable":true,"href":"https:\/\/cnr.org.br\/site\/wp-json\/wp\/v2\/users\/8"}],"replies":[{"embeddable":true,"href":"https:\/\/cnr.org.br\/site\/wp-json\/wp\/v2\/comments?post=88780"}],"version-history":[{"count":0,"href":"https:\/\/cnr.org.br\/site\/wp-json\/wp\/v2\/pages\/88780\/revisions"}],"wp:attachment":[{"href":"https:\/\/cnr.org.br\/site\/wp-json\/wp\/v2\/media?parent=88780"}],"curies":[{"name":"wp","href":"https:\/\/api.w.org\/{rel}","templated":true}]}}